{"id":511,"date":"2020-10-14T16:54:44","date_gmt":"2020-10-14T16:54:44","guid":{"rendered":"https:\/\/www.ivanaformanova.cz\/?page_id=511"},"modified":"2020-12-07T18:39:59","modified_gmt":"2020-12-07T18:39:59","slug":"o-mne","status":"publish","type":"page","link":"https:\/\/www.ivanaformanova.cz\/index.php\/o-mne\/","title":{"rendered":"O mn\u011b"},"content":{"rendered":"<p>[et_pb_section fb_built=&#8221;1&#8243; _builder_version=&#8221;4.5.0&#8243; _module_preset=&#8221;default&#8221;][et_pb_row column_structure=&#8221;3_4,1_4&#8243; _builder_version=&#8221;4.5.0&#8243; _module_preset=&#8221;default&#8221; background_enable_image=&#8221;off&#8221; background_size=&#8221;contain&#8221; background_position=&#8221;center_right&#8221;][et_pb_column type=&#8221;3_4&#8243; _builder_version=&#8221;4.5.0&#8243; _module_preset=&#8221;default&#8221;][et_pb_text _builder_version=&#8221;4.5.0&#8243; _module_preset=&#8221;default&#8221;][\/et_pb_text][et_pb_text _builder_version=&#8221;4.5.0&#8243; _module_preset=&#8221;default&#8221; text_font=&#8221;||||||||&#8221; header_2_font=&#8221;Allura||||||||&#8221; header_2_text_align=&#8221;center&#8221; header_2_font_size=&#8221;60px&#8221; text_orientation=&#8221;center&#8221;]<\/p>\n<h2 style=\"text-align: center;\"><\/h2>\n<h2 style=\"text-align: center;\"><\/h2>\n<h2 style=\"text-align: center;\"><\/h2>\n<h2 style=\"text-align: center;\"><\/h2>\n<h2 style=\"text-align: center;\">O mn\u011b<\/h2>\n<p>[\/et_pb_text][et_pb_text _builder_version=&#8221;4.5.0&#8243; _module_preset=&#8221;default&#8221;]<\/p>\n<p style=\"text-align: center;\">\n<p style=\"text-align: center;\">\n<p style=\"text-align: center;\">O tom, jak malov\u00e1n\u00ed beru, o m\u00e9m prvn\u00edm obr\u00e1zku, jakou technikou a co maluji nejrad\u011bji,\u00a0a taky o tom, jak\u00fd vliv na m\u011b m\u011bl obr\u00e1zek pana Dufka a kdo je m\u00fdm vzorem, o m\u00e9 v\u00fdstav\u011b a \u00fa\u010dasti ve v\u00e1no\u010dn\u00ed sout\u011b\u017ei.<\/p>\n<p>[\/et_pb_text][et_pb_text _builder_version=&#8221;4.5.0&#8243; _module_preset=&#8221;default&#8221;]<\/p>\n<p style=\"text-align: center;\">Rozhovor s ilustr\u00e1torkou Ivanou Formanovou o jej\u00edm nejobl\u00edben\u011bj\u0161\u00edm kon\u00ed\u010dku.<\/p>\n<p>[\/et_pb_text][\/et_pb_column][et_pb_column type=&#8221;1_4&#8243; _builder_version=&#8221;4.5.0&#8243; _module_preset=&#8221;default&#8221;][et_pb_image src=&#8221;https:\/\/www.ivanaformanova.cz\/wp-content\/uploads\/2020\/11\/stojan-2.png&#8221; _builder_version=&#8221;4.5.0&#8243; _module_preset=&#8221;default&#8221;][\/et_pb_image][\/et_pb_column][\/et_pb_row][et_pb_row column_structure=&#8221;1_4,1_4,1_4,1_4&#8243; _builder_version=&#8221;4.5.0&#8243; _module_preset=&#8221;default&#8221;][et_pb_column type=&#8221;1_4&#8243; _builder_version=&#8221;4.5.0&#8243; _module_preset=&#8221;default&#8221;][et_pb_text _builder_version=&#8221;4.5.0&#8243; _module_preset=&#8221;default&#8221;]<\/p>\n<h5 style=\"text-align: justify;\"><strong>M\u011bla jsi malov\u00e1n\u00ed r\u00e1da jako mal\u00e1?<\/strong><\/h5>\n<p style=\"text-align: justify;\">V\u016fbec. Ani ve \u0161kole m\u011b to nebavilo. Maxim\u00e1ln\u011b m\u011b bavily omalov\u00e1nky. K\u00a0malov\u00e1n\u00ed m\u011b vedla jen m\u00e1 prateta, kter\u00e1 byla \u0159editelka mate\u0159sk\u00e9 \u0161kolce a podporovala m\u011b. Obrovskou z\u00e1libu jsem ale m\u011bla v\u00a0kreslen\u00fdch kn\u00ed\u017ek\u00e1ch, kter\u00e9 jsem \u010detla, typu pana Sekory a dal\u0161\u00edch. Tyhle obr\u00e1zky m\u011b fascinovaly, jak jsou kr\u00e1sn\u011b barevn\u00e9 a jak pro to d\u00edt\u011b je vizualita postavi\u010dky je takov\u00e1, jak\u00e1 m\u00e1 b\u00fdt.<\/p>\n<p>[\/et_pb_text][et_pb_text _builder_version=&#8221;4.5.0&#8243; _module_preset=&#8221;default&#8221; hover_enabled=&#8221;0&#8243;]<\/p>\n<h5><strong>Kdy se to v\u00a0tob\u011b zlomilo?<\/strong><\/h5>\n<p style=\"text-align: justify;\">Vid\u011bla jsem obr\u00e1zek pana Dufka, kamar\u00e1da od m\u00e9ho \u0161vagra Honzy. Pan Dufek byl jeho spolu\u017e\u00e1k z\u00a0Vy\u0161\u0161\u00ed odborn\u00e9 \u0161koly a st\u0159edn\u00ed um\u011bleck\u00e9 \u0161koly V\u00e1clava Hollara v Praze. Jeho obr\u00e1zky nebyly a\u017e tak \u00fapln\u011b rovn\u00e9 a v\u00a0tu chv\u00edli jsem pochopila, \u017ee se d\u00e1 nakreslit i obr\u00e1zek, ani\u017e by stoprocentn\u011b musel b\u00fdt tip top. Za\u010d\u00ednala jsem budovami. Netroufla jsem si nikdy na postavy, proto\u017ee nem\u00e1m \u017e\u00e1dnou pr\u016fpravu, kurzy ani \u0161koly a nezn\u00e1m spr\u00e1vn\u00e9 proporce. Zkusila jsem to, nakreslila jsem Da\u0148kovnu a pojala to tak, jak se mi to l\u00edbilo. Cht\u011bla jsem, aby obr\u00e1zek trochu \u017eil a tomu pom\u016f\u017ee i ta nerovnost.<span class=\"Apple-converted-space\">\u00a0<\/span><\/p>\n<p>[\/et_pb_text][et_pb_text _builder_version=&#8221;4.5.0&#8243; _module_preset=&#8221;default&#8221;]<\/p>\n<h5><strong>Co nejrad\u0161i maluje\u0161?<\/strong><\/h5>\n<p style=\"text-align: justify;\">P\u0159\u00edroda hraje v\u00a0m\u00fdch obr\u00e1zc\u00edch velkou roli, proto\u017ee m\u011b fascinuje jej\u00ed kolob\u011bh. Zahrada, kv\u011btiny, krajiny, barvy p\u0159\u00edrody, to je pro m\u011b to nejd\u016fle\u017eit\u011bj\u0161\u00ed. Jakmile vid\u00edm, \u017ee k\u00a0sob\u011b n\u011bkdo d\u00e1 barvy, kter\u00e9 nepasuj\u00ed, tak m\u011b to \u00fapln\u011b tah\u00e1 za o\u010di. Celek pro m\u011b mus\u00ed m\u00edt n\u011bjakou harmonii. Stejn\u011b tak v\u00a0interi\u00e9ru mus\u00ed \u017eidle, st\u016fl a kredenc m\u00edt n\u011bjakou kompozici a\u0165 u\u017e na obr\u00e1zku nebo i doopravdy. Ka\u017ed\u00e9 ro\u010dn\u00ed obdob\u00ed m\u00e1 n\u011bjak\u00fd sv\u016fj r\u00e1z, sv\u00e1 pravidla a danou barevnost, co\u017e m\u011b hrozn\u011b bav\u00ed vyu\u017e\u00edvat v\u00a0obr\u00e1zk\u00e1ch.<\/p>\n<p>[\/et_pb_text][et_pb_image src=&#8221;https:\/\/www.ivanaformanova.cz\/wp-content\/uploads\/2020\/10\/kos-levandule-png.png&#8221; title_text=&#8221;ko\u0161 levandule -png&#8221; _builder_version=&#8221;4.5.0&#8243; _module_preset=&#8221;default&#8221;][\/et_pb_image][et_pb_text _builder_version=&#8221;4.5.0&#8243; _module_preset=&#8221;default&#8221;]<\/p>\n<h5><strong>Nikdo t\u011b tedy neu\u010dil, jak malovat &#8220;spr\u00e1vn\u011b&#8221;?<\/strong><\/h5>\n<p style=\"text-align: justify;\">Koukala jsem kolem sebe a nech\u00e1vala se inspirovat. Chv\u00edli jsem se \u017eivila pali\u010dkov\u00e1n\u00edm a tam jsme si mohli d\u011blat pod to sami n\u00e1kresy, co\u017e m\u011b taky bavilo. To je ale trochu jin\u00fd princip. Tam si \u010dlov\u011bk mus\u00ed vybrat kytku nebo postavu, nakreslit a potom to pali\u010dkov\u00e1n\u00edm ud\u011blat.<\/p>\n<p>[\/et_pb_text][et_pb_text _builder_version=&#8221;4.5.0&#8243; _module_preset=&#8221;default&#8221;]<\/p>\n<h5><strong>M\u00e1\u0161 n\u011bjak\u00fd vzor?<\/strong><\/h5>\n<p style=\"text-align: justify;\">Stra\u0161n\u011b moc se mi l\u00edb\u00ed obr\u00e1zky pan\u00ed Emy Srncov\u00e9, kter\u00e1 je \u00fa\u017easn\u00e1. Napodobit j\u00ed ale nechci, proto\u017ee ona je pan\u00ed mal\u00ed\u0159ka, a za tu se j\u00e1 nepova\u017euju.<\/p>\n<p>[\/et_pb_text][\/et_pb_column][et_pb_column type=&#8221;1_4&#8243; _builder_version=&#8221;4.5.0&#8243; _module_preset=&#8221;default&#8221;][et_pb_text _builder_version=&#8221;4.5.0&#8243; _module_preset=&#8221;default&#8221;]<\/p>\n<h5><strong>Pov\u011bz n\u00e1m o sv\u00e9m prvn\u00edm obr\u00e1zku.<\/strong><\/h5>\n<p style=\"text-align: justify;\">Bylo to v\u00a0roce 1989. Da\u0148kovna bylo a je m\u00edsto, kter\u00e9 se mi stra\u0161n\u011b l\u00edb\u00ed. Star\u00fd dome\u010dek m\u011bl kouzlo a pro m\u011b i spoustu kamar\u00e1d\u016f znamenal n\u011bco speci\u00e1ln\u00edho, proto\u017ee je tam pohoda. Tak jsem ho nakreslila a sv\u00fdm kamar\u00e1d\u016fm, majitel\u016fm Da\u0148kovny, man\u017eel\u016fm Posp\u00ed\u0161ilov\u00fdm. Za\u010d\u00ednala jsem v\u00a0t\u00e9 dob\u011b jenom s\u00a0klasick\u00fdmi vodovkami, ale pak jsem zjistila, \u017ee vodovky \u010dasem ztr\u00e1c\u00ed barvu, kresba se slune\u010dn\u00edm svitem vytr\u00e1c\u00ed. V\u00a0dob\u011b, kdy technika posko\u010dila, jsem si ho vzala zp\u00e1tky. Jakmile se objevila prvn\u00ed mo\u017enost skenov\u00e1n\u00ed a barevn\u00e9ho tisku, tak jsem to p\u0159ev\u00e1d\u011bla do elektronick\u00e9 podoby a origin\u00e1ly jsem schov\u00e1vala do tmav\u00fdch se\u0161it\u016f.<\/p>\n<p>[\/et_pb_text][et_pb_gallery gallery_ids=&#8221;1270&#8243; fullwidth=&#8221;on&#8221; _builder_version=&#8221;4.5.0&#8243; _module_preset=&#8221;default&#8221;][\/et_pb_gallery][et_pb_text _builder_version=&#8221;4.5.0&#8243; _module_preset=&#8221;default&#8221;]<\/p>\n<h5><strong>Pro\u0161lo tv\u00e9 malov\u00e1n\u00ed v pr\u016fb\u011bhu let v\u00fdvojem?<\/strong><\/h5>\n<p style=\"text-align: justify;\">Ur\u010dit\u011b se to m\u011bn\u00ed. Ob\u010das si v\u011bci p\u0159ibarv\u00edm n\u011b\u010d\u00edm, co tam v\u00a0tu danou chv\u00edli nen\u00ed a p\u0159ipad\u00e1 mi vtipn\u00e9 tam n\u011bco dodat. U Da\u0148kovny jsem tenkr\u00e1t pou\u017eila kostkovanou ut\u011brku, kter\u00e1 visela na strom\u011b, proto\u017ee jsme je tam b\u011b\u017en\u011b v\u011b\u0161eli. Tyhle r\u016fzn\u00e9 detaily a\u0165 to byl \u010dty\u0159l\u00edstek v\u00a0tr\u00e1v\u011b, ut\u011brka nebo n\u011bco v\u00a0okn\u011b, to jsem si za\u010dala pilovat. V\u011bt\u0161inou nem\u00e1m p\u0159\u00edle\u017eitost kreslit obr\u00e1zek na tom m\u00edst\u011b, tak\u017ee to pak zkou\u0161\u00edm podle fotografie. V\u00a0r\u00e1mci technologie jsem za\u010d\u00ednala s\u00a0vodovkami s\u00a0t\u00edm, \u017ee jsem obr\u00e1zek necht\u011bla m\u00edt jako klasick\u00fd akvarel a ani jsem se tehdy nep\u00eddila po tom, jak by to m\u011blo vypadat. Pak se mi zd\u00e1lo, \u017ee bych obr\u00e1zek m\u011bla zv\u00fdraznit, a proto\u017ee nebyla jin\u00e1 mo\u017enost, d\u011blala jsem to klasick\u00fdm perem a tu\u017e\u00ed. Te\u010f to d\u011bl\u00e1m keramick\u00fdm perem, p\u0159\u00edpadn\u011b se d\u011blaj\u00ed uzou\u010dk\u00e9 fixy, kter\u00fdmi se to d\u00e1 tak\u00e9 obkreslit. Dnes se rozmohla po\u010d\u00edta\u010dov\u00e1 ilustrace, pro m\u011b je tato metoda p\u0159\u00edli\u0161 dokonala a\u017e chladn\u00e1, a tak z\u016fst\u00e1v\u00e1m u sv\u00e9\u00a0&#8220;snov\u00e9 a lehk\u00e9&#8221;\u00a0techniky. Obr\u00e1zky kresl\u00edm ru\u010dn\u011b.\u00a0Kr\u00e1su ka\u017ed\u00fd vn\u00edm\u00e1 jinak &#8230; n\u011bkomu se to v\u016fbec l\u00edbit nemus\u00ed.<\/p>\n<p>[\/et_pb_text][et_pb_text _builder_version=&#8221;4.5.0&#8243; _module_preset=&#8221;default&#8221;]<\/p>\n<h5><strong>Bere\u0161 malov\u00e1n\u00ed jako relax?<\/strong><\/h5>\n<p style=\"text-align: justify;\">Pracuji jako zdravotn\u00edk, tak\u017ee malov\u00e1n\u00ed je pro m\u011b \u00fanik od reality a pracovn\u00edho stresu. Kdy\u017e jsem je\u0161t\u011b byla doma s\u00a0d\u011btmi, tak to bylo m\u00e9 ve\u010dern\u00ed odreagov\u00e1n\u00ed od b\u011b\u017en\u00e9ho dne pln\u00e9ho n\u00e1kup\u016f, star\u00e1n\u00ed se o rodinu, va\u0159en\u00ed a tak d\u00e1l. Je to \u00fanik do jin\u00e9ho sv\u011bta, kter\u00fd se mi l\u00edb\u00ed. Velkou motivac\u00ed pro m\u011b je, \u017ee se to lidem l\u00edb\u00ed a kdy\u017e si n\u011bkdo \u0159ekne, \u017ee bych mu mohla n\u011bco nakreslit, tak je to pro m\u011b impuls. R\u00e1da d\u011bl\u00e1m sv\u00fdmi obr\u00e1zky lidem radost a jsem pro to ochotn\u00e1 ud\u011blat hodn\u011b.<\/p>\n<p>[\/et_pb_text][\/et_pb_column][et_pb_column type=&#8221;1_4&#8243; _builder_version=&#8221;4.5.0&#8243; _module_preset=&#8221;default&#8221;][et_pb_text _builder_version=&#8221;4.5.0&#8243; _module_preset=&#8221;default&#8221;]<\/p>\n<h5><strong>M\u00e1\u0161 velkou popt\u00e1vku po sv\u00fdch v\u00fdtvorech?<\/strong><\/h5>\n<p style=\"text-align: justify;\">Docela ano. St\u00e1v\u00e1 se, \u017ee lidi p\u00ed\u0161ou, a\u0165 jim namaluji jejich chalupu. Nebo p\u0159i\u0161la mlad\u00e1 holka, kter\u00e1 cht\u011bla jako d\u00e1rek pro sv\u00e9 rodi\u010de namalovat m\u00edsto, kam jezdili v\u00a0d\u011btstv\u00ed. To m\u00edsto u\u017e neexistovalo, ale podle fotky se mi to poda\u0159ilo a spole\u010dn\u011b jsme pak pilovaly detaily. Nav\u00edc m\u016f\u017eu b\u00fdt v\u00a0pr\u00e1ci obklopen\u00e1 sv\u00fdmi v\u011bcmi, m\u00e1m tam p\u00e1r obr\u00e1zk\u016f a p\u0159\u00edchoz\u00ed pacienti projevuj\u00ed o obr\u00e1zky z\u00e1jem. \u010casto jim vykouzl\u00ed \u00fasm\u011bv na tv\u00e1\u0159i, pobav\u00ed je, pochv\u00e1l\u00ed, a to je pro m\u011b nejv\u011bt\u0161\u00ed odm\u011bna. Ptaj\u00ed se m\u011b, pro\u010d se t\u00edm ne\u017eiv\u00edm. (sm\u00edch)<\/p>\n<p>[\/et_pb_text][et_pb_text _builder_version=&#8221;4.5.0&#8243; _module_preset=&#8221;default&#8221;]<\/p>\n<h5><strong>P\u0159enesla jsi kreativitu na d\u011bti?<\/strong><\/h5>\n<p style=\"text-align: justify;\">Ur\u010dit\u011b ano. Malovala jsem p\u0159ed nimi, kdy\u017e byly mal\u00e9 a cht\u011bly si to hned zkusit. Malovaly si po sv\u00e9m, j\u00e1 jim jejich v\u00fdtvory vystavovala v\u00a0d\u011btsk\u00fdch pokoj\u00edch a podporovala je v\u00a0tom. Ani jedno z\u00a0m\u00fdch d\u011bt\u00ed nemaluje, ale rozvoj kreativity je posunul v\u00a0modern\u00edch technologi\u00edch a\u0165 je to fotografie, st\u0159\u00edh\u00e1n\u00ed videa \u010di tvorba grafiky. Nav\u00edc jsem punti\u010dk\u00e1\u0159, co\u017e v\u00a0nich taky n\u011bco nechalo. U\u017e maj\u00ed sv\u00e9 vlastn\u00ed oko, p\u0159edstavu, jak maj\u00ed v\u011bci vypadat a ty potom p\u0159etv\u00e1\u0159\u00ed v\u00a0realitu.<\/p>\n<p>[\/et_pb_text][et_pb_text _builder_version=&#8221;4.5.0&#8243; _module_preset=&#8221;default&#8221;]<\/p>\n<h5><strong>Uspo\u0159\u00e1dala jsi n\u011bkdy v\u00fdstavu sv\u00fdch obr\u00e1zk\u016f?<\/strong><\/h5>\n<p style=\"text-align: justify;\">Ano, ud\u011blala jsem ji p\u0159i p\u0159\u00edle\u017eitosti \u017eivotn\u00edho jubilea. \u0158ekla jsem si, \u017ee obr\u00e1zk\u016f je pom\u011brn\u011b dost, lid\u00ed kolem m\u011b je po\u0159\u00e1d v\u00edc, a ne v\u0161ichni m\u011bli mo\u017enost vid\u011bt v\u0161echny obr\u00e1zky. Hodn\u011b m\u011b v\u00a0tom podpo\u0159ila m\u00e1 velk\u00e1 kamar\u00e1dka Eva Dittertov\u00e1, \u0159editelka N\u00e1prstkova muzea, a sl\u00edbila mi, \u017ee s\u00a0v\u00fdstavou pom\u016f\u017ee. Spolu jsme vyb\u00edraly vhodn\u00e9 obr\u00e1zky. Kdy\u017e poprv\u00e9 vid\u011bla tu hromadu v\u00fdtvor\u016f, tak \u0159ekla, \u017ee ani nem\u00e1 p\u0159edstavu, kam to v\u0161echno d\u00e1me. Nakonec se n\u00e1m obr\u00e1zky poda\u0159ilo rozd\u011blit, aby to bylo srozumiteln\u00e9. V\u00fdstava prob\u011bhla v\u00a0Kutn\u00e9 Ho\u0159e ve Vile U Varhan\u00e1\u0159e, m\u011bla velk\u00fd ohlas a v\u0161em se moc l\u00edbila. Par\u00e1dn\u011b se snoubily obr\u00e1zky s m\u00edstem s\u00a0jedn\u00edm z\u00a0nejhez\u010d\u00edch v\u00fdhled\u016f v\u00a0Kutn\u00e9 Ho\u0159e a n\u00e1sledn\u011b si tam m\u00e9 obr\u00e1zky nechali dal\u0161\u00ed dva m\u011bs\u00edce. Pot\u00e9 se v\u00fdstava st\u011bhovala do kutnohorsk\u00e9ho Tylova divadla, kde se musela lehce p\u0159earan\u017eovat kv\u016fli m\u00edstu. Pak mi chodilo hodn\u011b reakc\u00ed, \u017ee lid\u00e9 m\u00edsta pozn\u00e1vali a l\u00edbily se jim obr\u00e1zky. V\u00fdstava tam z\u016fstala dal\u0161\u00ed t\u0159i m\u011bs\u00edce.<span class=\"Apple-converted-space\">\u00a0<\/span><\/p>\n<p>[\/et_pb_text][et_pb_gallery gallery_ids=&#8221;525&#8243; fullwidth=&#8221;on&#8221; _builder_version=&#8221;4.5.0&#8243; _module_preset=&#8221;default&#8221;][\/et_pb_gallery][\/et_pb_column][et_pb_column type=&#8221;1_4&#8243; _builder_version=&#8221;4.5.0&#8243; _module_preset=&#8221;default&#8221;][et_pb_text _builder_version=&#8221;4.5.0&#8243; _module_preset=&#8221;default&#8221;]<\/p>\n<h5><strong>Z\u00fa\u010dastnila ses n\u011bkdy se sv\u00fdmi obr\u00e1zky v\u00fdtvarn\u00e9 sout\u011b\u017ee?<\/strong><\/h5>\n<p style=\"text-align: justify;\">Kdysi jsem se p\u0159ihl\u00e1sila do v\u00e1no\u010dn\u00ed sout\u011b\u017ee, kterou vypsala firma JC Decaux v\u00a0roce 2013. N\u00e1hodou jsem si p\u0159i cest\u011b do pr\u00e1ce p\u0159e\u010detla zad\u00e1n\u00ed sout\u011b\u017ee v\u00a0metru na billboardu. Sout\u011b\u017e se jmenovala \u201eCo pro v\u00e1s znamenaj\u00ed V\u00e1noce\u201c a \u010dlov\u011bk mohl zaslat fotografie, nebo obr\u00e1zky s\u00a0v\u00e1no\u010dn\u00ed t\u00e9matikou. P\u0159i cest\u011b dom\u016f jsem na n\u00e1m\u011bst\u00ed Brat\u0159\u00ed Synk\u016f dostala inspiraci d\u00edky jednomu domu. Ten d\u016fm ve mn\u011b vyvolal zvl\u00e1\u0161tn\u00ed pocit, \u017ee se v\u00a0ka\u017ed\u00e9m z\u00a0oken mus\u00ed b\u011bhem V\u00e1noc odehr\u00e1vat n\u011bco jin\u00e9ho. To m\u011b inspirovalo k\u00a0tomu, abych d\u016fm dot\u00e1hla do takov\u00fdch detail\u016f, aby se p\u0159\u00edb\u011bhy z\u00a0oken do obr\u00e1zku prom\u00edtly. Firma pak vybrala n\u011bkolik v\u00edt\u011bzn\u00fdch n\u00e1vrh\u016f, nechala je natisknout na plak\u00e1ty a vyv\u011bsila je po Praze na zast\u00e1vk\u00e1ch MHD. Lid\u00e9 m\u011bli mo\u017enost b\u011bhem adventn\u00edho \u010dasu hlasovat o nejlep\u0161\u00edm obr\u00e1zku a na z\u00e1klad\u011b toho m\u016fj obr\u00e1zek vyhr\u00e1l.<\/p>\n<p>[\/et_pb_text][et_pb_image src=&#8221;https:\/\/www.ivanaformanova.cz\/wp-content\/uploads\/2020\/12\/HPSC6515-page-001-2.jpg&#8221; url=&#8221;https:\/\/www.ivanaformanova.cz\/index.php\/obrazky-v-akci\/#vanocnisoutez&#8221; _builder_version=&#8221;4.5.0&#8243; _module_preset=&#8221;default&#8221;][\/et_pb_image][et_pb_text _builder_version=&#8221;4.5.0&#8243; _module_preset=&#8221;default&#8221;]<\/p>\n<h5><strong>Sleduje\u0161 aktu\u00e1ln\u00ed trendy v\u00a0malov\u00e1n\u00ed?<\/strong><\/h5>\n<p style=\"text-align: justify;\">\u00dapln\u011b se neinspiruji, ale bav\u00ed m\u011b sledovat, jak se malov\u00e1n\u00ed vyv\u00edj\u00ed. Lidi, kte\u0159\u00ed maluj\u00ed dnes a \u017eiv\u00ed se t\u00edm, tak u\u017e maluj\u00ed spr\u00e1v\u011b, jak to m\u00e1 b\u00fdt. M\u011b bav\u00ed se d\u00edvat zp\u011btn\u011b, jak se maj\u00ed akvarely malovat, i kdy\u017e to sama spr\u00e1vn\u011b ned\u011bl\u00e1m. Byla jsem kdysi hecovan\u00e1 okol\u00edm, abych si ud\u011blal kurz, nechala se zapsat do \u0161koly a \u0161la se u\u010dit, jak se m\u00e1 malovat spr\u00e1vn\u011b. Pak mi ale jeden \u010dlov\u011bk \u0159ekl, \u017ee pokud u\u017e m\u00e1m sv\u016fj styl a ten se lidem l\u00edb\u00ed, tak a\u0165 u toho z\u016fstanu a nenech\u00e1v\u00e1m se t\u00edm ovlivnit.<span class=\"Apple-converted-space\">\u00a0<\/span><\/p>\n<p>[\/et_pb_text][et_pb_text _builder_version=&#8221;4.5.0&#8243; _module_preset=&#8221;default&#8221;]<\/p>\n<h5><strong>Doporu\u010duje\u0161 malov\u00e1n\u00ed jako druh relaxace?<\/strong><\/h5>\n<p style=\"text-align: justify;\">Ur\u010dit\u011b. V\u00a0sou\u010dasn\u00e9 dob\u011b p\u0159i sou\u010dasn\u00fdch trendech si lid\u00e9 mysl\u00ed, \u017ee v\u0161echno mus\u00ed b\u00fdt dokonal\u00e9, ale o tom to nen\u00ed. Pokud m\u00e1 \u010dlov\u011bk chu\u0165 vz\u00edt tu\u017eku do ruky a na pap\u00edr n\u011bco namalovat, tak by to m\u011bl ur\u010dit\u011b zkusit. Kdy\u017e to napoprv\u00e9 nevyjde, zkou\u0161ejte to d\u00e1l. Jednou se to povede. Kdy\u017e se to bude l\u00edbit aspo\u0148 v\u00e1m, tak je to \u00fasp\u011bch a \u010das, kter\u00fd jste malov\u00e1n\u00edm str\u00e1vili povzbud\u00ed va\u0161i du\u0161i.<span class=\"Apple-converted-space\">\u00a0 \u00a0 \u00a0 \u00a0 \u00a0 \u00a0 \u00a0 \u00a0<\/span><\/p>\n<p>[\/et_pb_text][et_pb_text _builder_version=&#8221;4.5.0&#8243; _module_preset=&#8221;default&#8221; border_width_top=&#8221;1px&#8221;]<\/p>\n<p style=\"text-align: right;\"><strong>Text: Jakub Eichler<\/strong><\/p>\n<p>[\/et_pb_text][\/et_pb_column][\/et_pb_row][\/et_pb_section]<\/p>\n","protected":false},"excerpt":{"rendered":"<p>[et_pb_section fb_built=&#8221;1&#8243; _builder_version=&#8221;4.5.0&#8243; _module_preset=&#8221;default&#8221;][et_pb_row column_structure=&#8221;3_4,1_4&#8243; _builder_version=&#8221;4.5.0&#8243; _module_preset=&#8221;default&#8221; background_enable_image=&#8221;off&#8221; background_size=&#8221;contain&#8221; background_position=&#8221;center_right&#8221;][et_pb_column type=&#8221;3_4&#8243; _builder_version=&#8221;4.5.0&#8243; _module_preset=&#8221;default&#8221;][et_pb_text _builder_version=&#8221;4.5.0&#8243; _module_preset=&#8221;default&#8221;][\/et_pb_text][et_pb_text _builder_version=&#8221;4.5.0&#8243; _module_preset=&#8221;default&#8221; text_font=&#8221;||||||||&#8221; header_2_font=&#8221;Allura||||||||&#8221; header_2_text_align=&#8221;center&#8221; header_2_font_size=&#8221;60px&#8221; text_orientation=&#8221;center&#8221;] O mn\u011b [\/et_pb_text][et_pb_text _builder_version=&#8221;4.5.0&#8243; _module_preset=&#8221;default&#8221;] O tom, jak malov\u00e1n\u00ed beru, o m\u00e9m prvn\u00edm obr\u00e1zku, jakou technikou a co maluji nejrad\u011bji,\u00a0a taky o tom, jak\u00fd vliv na m\u011b m\u011bl obr\u00e1zek pana Dufka a kdo [&hellip;]<\/p>\n","protected":false},"author":1,"featured_media":0,"parent":0,"menu_order":0,"comment_status":"closed","ping_status":"closed","template":"","meta":{"_et_pb_use_builder":"on","_et_pb_old_content":"","_et_gb_content_width":""},"_links":{"self":[{"href":"https:\/\/www.ivanaformanova.cz\/index.php\/wp-json\/wp\/v2\/pages\/511"}],"collection":[{"href":"https:\/\/www.ivanaformanova.cz\/index.php\/wp-json\/wp\/v2\/pages"}],"about":[{"href":"https:\/\/www.ivanaformanova.cz\/index.php\/wp-json\/wp\/v2\/types\/page"}],"author":[{"embeddable":true,"href":"https:\/\/www.ivanaformanova.cz\/index.php\/wp-json\/wp\/v2\/users\/1"}],"replies":[{"embeddable":true,"href":"https:\/\/www.ivanaformanova.cz\/index.php\/wp-json\/wp\/v2\/comments?post=511"}],"version-history":[{"count":38,"href":"https:\/\/www.ivanaformanova.cz\/index.php\/wp-json\/wp\/v2\/pages\/511\/revisions"}],"predecessor-version":[{"id":2063,"href":"https:\/\/www.ivanaformanova.cz\/index.php\/wp-json\/wp\/v2\/pages\/511\/revisions\/2063"}],"wp:attachment":[{"href":"https:\/\/www.ivanaformanova.cz\/index.php\/wp-json\/wp\/v2\/media?parent=511"}],"curies":[{"name":"wp","href":"https:\/\/api.w.org\/{rel}","templated":true}]}}