{"id":515,"date":"2020-10-14T16:57:15","date_gmt":"2020-10-14T16:57:15","guid":{"rendered":"https:\/\/www.ivanaformanova.cz\/?page_id=515"},"modified":"2026-02-23T20:38:08","modified_gmt":"2026-02-23T20:38:08","slug":"obrazky-v-akci","status":"publish","type":"page","link":"https:\/\/www.ivanaformanova.cz\/index.php\/obrazky-v-akci\/","title":{"rendered":"Obr\u00e1zky v akci"},"content":{"rendered":"<p>[et_pb_section fb_built=&#8221;1&#8243; _builder_version=&#8221;4.5.0&#8243; _module_preset=&#8221;default&#8221; height=&#8221;155px&#8221;][et_pb_row _builder_version=&#8221;4.5.0&#8243; _module_preset=&#8221;default&#8221; use_background_color_gradient=&#8221;on&#8221; background_color_gradient_start=&#8221;rgba(255,255,255,0.65)&#8221; background_color_gradient_end=&#8221;rgba(255,255,255,0.55)&#8221; background_color_gradient_type=&#8221;radial&#8221; background_color_gradient_overlays_image=&#8221;on&#8221; background_enable_image=&#8221;off&#8221; width=&#8221;98%&#8221; custom_margin=&#8221;||||false|false&#8221; border_radii=&#8221;on|14px|14px|14px|14px&#8221;][et_pb_column type=&#8221;4_4&#8243; _builder_version=&#8221;4.5.0&#8243; _module_preset=&#8221;default&#8221;][et_pb_text _builder_version=&#8221;4.5.0&#8243; _module_preset=&#8221;default&#8221; header_2_font=&#8221;Allura||||||||&#8221; header_2_text_align=&#8221;center&#8221; header_2_font_size=&#8221;60px&#8221; text_orientation=&#8221;center&#8221;]<\/p>\n<h2 style=\"text-align: center;\">Obr\u00e1zky v akci<\/h2>\n<p>[\/et_pb_text][\/et_pb_column][\/et_pb_row][\/et_pb_section][et_pb_section fb_built=&#8221;1&#8243; fullwidth=&#8221;on&#8221; _builder_version=&#8221;4.5.0&#8243; _module_preset=&#8221;default&#8221;][et_pb_fullwidth_image src=&#8221;https:\/\/www.ivanaformanova.cz\/wp-content\/uploads\/2020\/11\/obrazky-v-akci.jpg&#8221; _builder_version=&#8221;4.5.0&#8243; _module_preset=&#8221;default&#8221; width=&#8221;65%&#8221; module_alignment=&#8221;center&#8221;][\/et_pb_fullwidth_image][\/et_pb_section][et_pb_section fb_built=&#8221;1&#8243; module_id=&#8221;ilustraceknihy&#8221; _builder_version=&#8221;4.5.0&#8243; _module_preset=&#8221;default&#8221;][et_pb_row column_structure=&#8221;1_2,1_2&#8243; _builder_version=&#8221;4.5.0&#8243; _module_preset=&#8221;default&#8221;][et_pb_column type=&#8221;1_2&#8243; _builder_version=&#8221;4.5.0&#8243; _module_preset=&#8221;default&#8221;][et_pb_text _builder_version=&#8221;4.5.0&#8243; _module_preset=&#8221;default&#8221;]<\/p>\n<h3>Ilustrace knih a pov\u00eddek<\/h3>\n<p>M\u00e9 ilustrace dodaly podobu S\u00e1\u0159e, Filipovi a jejich neuv\u011b\u0159iteln\u00e9mu p\u0159\u00edb\u011bhu. Poutavou d\u011btskou kn\u00ed\u017eku Neuv\u011b\u0159iteln\u00fd p\u0159\u00edb\u011bh S\u00e1ry a Filipa si m\u016f\u017eete st\u00e1hnout a p\u0159e\u010d\u00edst zde:<span class=\"Apple-converted-space\">\u00a0<\/span><\/p>\n<p><a href=\"https:\/\/www.google.com\/?client=safari\">https:\/\/p\u0159ipravuje se&#8230;<\/a><\/p>\n<p>&nbsp;<\/p>\n<p>[\/et_pb_text][et_pb_gallery gallery_ids=&#8221;2578,2582&#8243; show_title_and_caption=&#8221;off&#8221; zoom_icon_color=&#8221;#990047&#8243; hover_icon=&#8221;%%47%%&#8221; _builder_version=&#8221;4.5.0&#8243; _module_preset=&#8221;default&#8221; custom_margin=&#8221;||||false|false&#8221;][\/et_pb_gallery][et_pb_gallery gallery_ids=&#8221;2590,2591&#8243; orientation=&#8221;portrait&#8221; show_title_and_caption=&#8221;off&#8221; zoom_icon_color=&#8221;#990047&#8243; hover_icon=&#8221;%%47%%&#8221; _builder_version=&#8221;4.5.0&#8243; _module_preset=&#8221;default&#8221; custom_margin=&#8221;||||false|false&#8221;][\/et_pb_gallery][\/et_pb_column][et_pb_column type=&#8221;1_2&#8243; _builder_version=&#8221;4.5.0&#8243; _module_preset=&#8221;default&#8221;][et_pb_image src=&#8221;https:\/\/www.ivanaformanova.cz\/wp-content\/uploads\/2023\/09\/IMG_9736-kopie.jpg&#8221; title_text=&#8221;Ilustrace knihy&#8221; url=&#8221;http:\/\/www.minitom.info&#8221; url_new_window=&#8221;on&#8221; _builder_version=&#8221;4.5.0&#8243; _module_preset=&#8221;default&#8221;][\/et_pb_image][\/et_pb_column][\/et_pb_row][et_pb_row column_structure=&#8221;1_3,1_3,1_3&#8243; _builder_version=&#8221;4.5.0&#8243; _module_preset=&#8221;default&#8221; min_height=&#8221;141px&#8221; custom_margin=&#8221;32px||||false|false&#8221;][et_pb_column type=&#8221;1_3&#8243; _builder_version=&#8221;4.5.0&#8243; _module_preset=&#8221;default&#8221;][\/et_pb_column][et_pb_column type=&#8221;1_3&#8243; _builder_version=&#8221;4.5.0&#8243; _module_preset=&#8221;default&#8221;][et_pb_image src=&#8221;https:\/\/www.ivanaformanova.cz\/wp-content\/uploads\/2023\/10\/policka-s-knihama.png&#8221; _builder_version=&#8221;4.5.0&#8243; _module_preset=&#8221;default&#8221;][\/et_pb_image][\/et_pb_column][et_pb_column type=&#8221;1_3&#8243; _builder_version=&#8221;4.5.0&#8243; _module_preset=&#8221;default&#8221;][\/et_pb_column][\/et_pb_row][et_pb_row column_structure=&#8221;1_2,1_2&#8243; _builder_version=&#8221;4.5.0&#8243; _module_preset=&#8221;default&#8221;][et_pb_column type=&#8221;1_2&#8243; _builder_version=&#8221;4.5.0&#8243; _module_preset=&#8221;default&#8221;][et_pb_text disabled_on=&#8221;off|on|on&#8221; _builder_version=&#8221;4.5.0&#8243; _module_preset=&#8221;default&#8221;]<\/p>\n<p>Podivuhodn\u00e9 p\u0159\u00edb\u011bhy pana Bl\u00e1hy, kter\u00e9 byly ztv\u00e1rn\u011bny i jako audionahr\u00e1vka, jsou dokresleny m\u00fdmi ilustracemi. Poslechnout si je m\u016f\u017eete zde:<\/p>\n<p><a href=\"https:\/\/www.google.com\/?client=safari\">https:\/\/p\u0159ipravuje se&#8230;<\/a><\/p>\n<p>&nbsp;<\/p>\n<p>[\/et_pb_text][et_pb_image src=&#8221;https:\/\/www.ivanaformanova.cz\/wp-content\/uploads\/2023\/09\/Pan_Blaha_Praha-page-001.jpg&#8221; title_text=&#8221;Podivuhodn\u00e9 p\u0159\u00edb\u011bhy pana Bl\u00e1hy&#8221; _builder_version=&#8221;4.5.0&#8243; _module_preset=&#8221;default&#8221;][\/et_pb_image][\/et_pb_column][et_pb_column type=&#8221;1_2&#8243; _builder_version=&#8221;4.5.0&#8243; _module_preset=&#8221;default&#8221;][et_pb_text disabled_on=&#8221;on|off|off&#8221; _builder_version=&#8221;4.5.0&#8243; _module_preset=&#8221;default&#8221;]<\/p>\n<p>Podivuhodn\u00e9 p\u0159\u00edb\u011bhy pana Bl\u00e1hy, kter\u00e9 byly ztv\u00e1rn\u011bny i jako audionahr\u00e1vka, jsou dokresleny m\u00fdmi ilustracemi. Poslechnout si je m\u016f\u017eete zde:<\/p>\n<p><a href=\"https:\/\/www.google.com\/?client=safari\">https:\/\/p\u0159ipravuje se&#8230;<\/a><\/p>\n<p>&nbsp;<\/p>\n<p>[\/et_pb_text][et_pb_gallery gallery_ids=&#8221;2579,2603&#8243; show_title_and_caption=&#8221;off&#8221; zoom_icon_color=&#8221;#990047&#8243; hover_icon=&#8221;%%47%%&#8221; _builder_version=&#8221;4.5.0&#8243; _module_preset=&#8221;default&#8221;][\/et_pb_gallery][et_pb_gallery gallery_ids=&#8221;2587,2588&#8243; orientation=&#8221;portrait&#8221; show_title_and_caption=&#8221;off&#8221; zoom_icon_color=&#8221;#990047&#8243; hover_icon=&#8221;%%47%%&#8221; _builder_version=&#8221;4.5.0&#8243; _module_preset=&#8221;default&#8221;][\/et_pb_gallery][\/et_pb_column][\/et_pb_row][\/et_pb_section][et_pb_section fb_built=&#8221;1&#8243; module_id=&#8221;svatebnioznameni&#8221; _builder_version=&#8221;4.5.0&#8243; _module_preset=&#8221;default&#8221;][et_pb_row column_structure=&#8221;1_2,1_2&#8243; _builder_version=&#8221;4.5.0&#8243; _module_preset=&#8221;default&#8221;][et_pb_column type=&#8221;1_2&#8243; _builder_version=&#8221;4.5.0&#8243; _module_preset=&#8221;default&#8221;][et_pb_text _builder_version=&#8221;4.5.0&#8243; _module_preset=&#8221;default&#8221; custom_margin=&#8221;45px||||false|false&#8221;]<\/p>\n<h3>Svateby a v\u0161e co k nim pat\u0159\u00ed<\/h3>\n<p>Svatebn\u00ed ozn\u00e1men\u00ed, n\u00e1lepky do svatebn\u00edho pl\u00e1nova\u010de, tiskoviny pro svatebn\u00ed den, ilustrace na svatebn\u00ed web, v\u00fdzdoba nebo dokonce svatebn\u00ed dar\u2026 Zkr\u00e1tka cokoli, co vdechne va\u0161emu nezapomenuteln\u00e9mu dni osobitost.<span class=\"Apple-converted-space\">\u00a0<\/span><\/p>\n<p>[\/et_pb_text][\/et_pb_column][et_pb_column type=&#8221;1_2&#8243; _builder_version=&#8221;4.5.0&#8243; _module_preset=&#8221;default&#8221;][et_pb_image src=&#8221;https:\/\/www.ivanaformanova.cz\/wp-content\/uploads\/2023\/11\/Snimek-obrazovky-2023-11-20-v-19.55.03.png&#8221; title_text=&#8221;Svatebn\u00ed p\u0159\u00edpravy&#8221; _builder_version=&#8221;4.5.0&#8243; _module_preset=&#8221;default&#8221;][\/et_pb_image][\/et_pb_column][\/et_pb_row][et_pb_row column_structure=&#8221;1_2,1_2&#8243; _builder_version=&#8221;4.5.0&#8243; _module_preset=&#8221;default&#8221; custom_padding=&#8221;||||false|false&#8221;][et_pb_column type=&#8221;1_2&#8243; _builder_version=&#8221;4.5.0&#8243; _module_preset=&#8221;default&#8221;][et_pb_text disabled_on=&#8221;off|on|on&#8221; _builder_version=&#8221;4.5.0&#8243; _module_preset=&#8221;default&#8221; custom_margin=&#8221;15px||||false|false&#8221;]<\/p>\n<p>&#8230;svatebn\u00ed webov\u00e9 str\u00e1nky&#8230;<\/p>\n<p>[\/et_pb_text][et_pb_image src=&#8221;https:\/\/www.ivanaformanova.cz\/wp-content\/uploads\/2023\/09\/WhatsApp-Image-2023-09-29-at-13.02.25.jpeg&#8221; url_new_window=&#8221;on&#8221; _builder_version=&#8221;4.5.0&#8243; _module_preset=&#8221;default&#8221;][\/et_pb_image][\/et_pb_column][et_pb_column type=&#8221;1_2&#8243; _builder_version=&#8221;4.5.0&#8243; _module_preset=&#8221;default&#8221;][et_pb_text disabled_on=&#8221;on|off|off&#8221; _builder_version=&#8221;4.5.0&#8243; _module_preset=&#8221;default&#8221; custom_margin=&#8221;15px||||false|false&#8221;]<\/p>\n<p>&#8230;svatebn\u00ed webov\u00e9 str\u00e1nky&#8230;<\/p>\n<p>[\/et_pb_text][et_pb_gallery gallery_ids=&#8221;2609&#8243; fullwidth=&#8221;on&#8221; hover_icon=&#8221;%%47%%&#8221; _builder_version=&#8221;4.5.0&#8243; _module_preset=&#8221;default&#8221; custom_margin=&#8221;||||false|false&#8221; custom_padding=&#8221;||||false|false&#8221; auto=&#8221;on&#8221; auto_speed=&#8221;2500&#8243;][\/et_pb_gallery][et_pb_gallery gallery_ids=&#8221;2645&#8243; fullwidth=&#8221;on&#8221; hover_icon=&#8221;%%47%%&#8221; _builder_version=&#8221;4.5.0&#8243; _module_preset=&#8221;default&#8221; custom_margin=&#8221;||||false|false&#8221; custom_padding=&#8221;||||false|false&#8221; auto=&#8221;on&#8221; auto_speed=&#8221;2500&#8243;][\/et_pb_gallery][\/et_pb_column][\/et_pb_row][et_pb_row column_structure=&#8221;1_2,1_2&#8243; _builder_version=&#8221;4.5.0&#8243; _module_preset=&#8221;default&#8221; custom_margin=&#8221;29px||||false|false&#8221; custom_padding=&#8221;||||false|false&#8221;][et_pb_column type=&#8221;1_2&#8243; _builder_version=&#8221;4.5.0&#8243; _module_preset=&#8221;default&#8221;][et_pb_text _builder_version=&#8221;4.5.0&#8243; _module_preset=&#8221;default&#8221; custom_margin=&#8221;20px||||false|false&#8221;]<\/p>\n<p>&#8230;.tiskoviny, n\u00e1lepky do pl\u00e1nova\u010de \u010di v\u00fdzdoba&#8230;<\/p>\n<p>[\/et_pb_text][et_pb_image src=&#8221;https:\/\/www.ivanaformanova.cz\/wp-content\/uploads\/2023\/11\/Snimek-obrazovky-2023-11-01-v-12.59.07.png&#8221; title_text=&#8221;Sn\u00edmek obrazovky 2023-11-01 v 12.59.07&#8243; _builder_version=&#8221;4.5.0&#8243; _module_preset=&#8221;default&#8221;][\/et_pb_image][et_pb_gallery gallery_ids=&#8221;2614&#8243; fullwidth=&#8221;on&#8221; _builder_version=&#8221;4.5.0&#8243; _module_preset=&#8221;default&#8221;][\/et_pb_gallery][et_pb_image src=&#8221;https:\/\/www.ivanaformanova.cz\/wp-content\/uploads\/2023\/09\/WhatsApp-Image-2023-09-29-at-13.15.39.jpeg&#8221; _builder_version=&#8221;4.5.0&#8243; _module_preset=&#8221;default&#8221;][\/et_pb_image][\/et_pb_column][et_pb_column type=&#8221;1_2&#8243; _builder_version=&#8221;4.5.0&#8243; _module_preset=&#8221;default&#8221;][et_pb_gallery gallery_ids=&#8221;2613&#8243; fullwidth=&#8221;on&#8221; _builder_version=&#8221;4.5.0&#8243; _module_preset=&#8221;default&#8221; custom_margin=&#8221;||||false|false&#8221;][\/et_pb_gallery][et_pb_image src=&#8221;https:\/\/www.ivanaformanova.cz\/wp-content\/uploads\/2023\/11\/Snimek-obrazovky-2023-11-01-v-13.00.01.png&#8221; title_text=&#8221;Sn\u00edmek obrazovky 2023-11-01 v 13.00.01&#8243; _builder_version=&#8221;4.5.0&#8243; _module_preset=&#8221;default&#8221;][\/et_pb_image][et_pb_image src=&#8221;https:\/\/www.ivanaformanova.cz\/wp-content\/uploads\/2023\/11\/WhatsApp-Image-2023-11-18-at-14.57.43-1-e1700327704140.jpeg&#8221; _builder_version=&#8221;4.5.0&#8243; _module_preset=&#8221;default&#8221;][\/et_pb_image][\/et_pb_column][\/et_pb_row][et_pb_row column_structure=&#8221;1_2,1_2&#8243; _builder_version=&#8221;4.5.0&#8243; _module_preset=&#8221;default&#8221; custom_margin=&#8221;29px||||false|false&#8221; custom_padding=&#8221;||||false|false&#8221;][et_pb_column type=&#8221;1_2&#8243; _builder_version=&#8221;4.5.0&#8243; _module_preset=&#8221;default&#8221;][et_pb_text disabled_on=&#8221;off|on|on&#8221; _builder_version=&#8221;4.5.0&#8243; _module_preset=&#8221;default&#8221; custom_margin=&#8221;||||false|false&#8221;]<\/p>\n<p>&#8230;svatebn\u00ed dar&#8230;<\/p>\n<p>[\/et_pb_text][et_pb_image src=&#8221;https:\/\/www.ivanaformanova.cz\/wp-content\/uploads\/2020\/11\/Formans-For-Good-2020.jpg&#8221; _builder_version=&#8221;4.5.0&#8243; _module_preset=&#8221;default&#8221; custom_margin=&#8221;19px||||false|false&#8221;][\/et_pb_image][\/et_pb_column][et_pb_column type=&#8221;1_2&#8243; _builder_version=&#8221;4.5.0&#8243; _module_preset=&#8221;default&#8221;][et_pb_text disabled_on=&#8221;on|off|off&#8221; _builder_version=&#8221;4.5.0&#8243; _module_preset=&#8221;default&#8221; custom_margin=&#8221;||||false|false&#8221;]<\/p>\n<p>&#8230;svatebn\u00ed dar&#8230;<\/p>\n<p>[\/et_pb_text][et_pb_gallery gallery_ids=&#8221;1732,1733,1734&#8243; fullwidth=&#8221;on&#8221; _builder_version=&#8221;4.5.0&#8243; _module_preset=&#8221;default&#8221; auto=&#8221;on&#8221; auto_speed=&#8221;2500&#8243;][\/et_pb_gallery][et_pb_image src=&#8221;https:\/\/www.ivanaformanova.cz\/wp-content\/uploads\/2023\/11\/Snimek-obrazovky-2023-11-01-v-13.17.00.png&#8221; title_text=&#8221;Sn\u00edmek obrazovky 2023-11-01 v 13.17.00&#8243; _builder_version=&#8221;4.5.0&#8243; _module_preset=&#8221;default&#8221;][\/et_pb_image][\/et_pb_column][\/et_pb_row][\/et_pb_section][et_pb_section fb_built=&#8221;1&#8243; module_id=&#8221;detskehry&#8221; _builder_version=&#8221;4.5.0&#8243; _module_preset=&#8221;default&#8221; background_enable_color=&#8221;off&#8221;][et_pb_row column_structure=&#8221;1_2,1_2&#8243; disabled_on=&#8221;on|off|off&#8221; _builder_version=&#8221;4.5.0&#8243; _module_preset=&#8221;default&#8221;][et_pb_column type=&#8221;1_2&#8243; _builder_version=&#8221;4.5.0&#8243; _module_preset=&#8221;default&#8221;][et_pb_image src=&#8221;https:\/\/www.ivanaformanova.cz\/wp-content\/uploads\/2020\/12\/DSC_0120-2.jpg&#8221; _builder_version=&#8221;4.5.0&#8243; _module_preset=&#8221;default&#8221;][\/et_pb_image][et_pb_gallery gallery_ids=&#8221;2005,773,2003,2619&#8243; posts_number=&#8221;2&#8243; show_title_and_caption=&#8221;off&#8221; zoom_icon_color=&#8221;#990047&#8243; hover_icon=&#8221;%%47%%&#8221; _builder_version=&#8221;4.5.0&#8243; _module_preset=&#8221;default&#8221;][\/et_pb_gallery][\/et_pb_column][et_pb_column type=&#8221;1_2&#8243; _builder_version=&#8221;4.5.0&#8243; _module_preset=&#8221;default&#8221;][et_pb_text _builder_version=&#8221;4.5.0&#8243; _module_preset=&#8221;default&#8221;]<\/p>\n<h3>D\u011btsk\u00e9 hry<\/h3>\n<p>Ilustrace deskov\u00fdch her, hrac\u00edch karet nebo t\u0159eba pexesa na m\u00edru, kter\u00e9 hrav\u011b zavedou d\u011bti (i dosp\u011bl\u00e9) do sv\u011bta fantazie. D\u011btsk\u00e9 hry slou\u017e\u00ed na akc\u00edch, jakou je t\u0159eba d\u011btsk\u00fd t\u00e1bor, nebo ukr\u00e1t\u00ed dlouhou chv\u00edli a zaru\u010d\u00ed z\u00e1bavu v\u00a0rodinn\u00e9m kruhu.<\/p>\n<p>[\/et_pb_text][et_pb_gallery gallery_ids=&#8221;2623,2627,2620,2628,2621,2626,2622&#8243; fullwidth=&#8221;on&#8221; hover_icon=&#8221;%%47%%&#8221; _builder_version=&#8221;4.5.0&#8243; _module_preset=&#8221;default&#8221; auto=&#8221;on&#8221; auto_speed=&#8221;2500&#8243; hover_enabled=&#8221;0&#8243;][\/et_pb_gallery][\/et_pb_column][\/et_pb_row][et_pb_row column_structure=&#8221;1_2,1_2&#8243; disabled_on=&#8221;off|on|on&#8221; module_id=&#8221;detskehry2&#8243; _builder_version=&#8221;4.5.0&#8243; _module_preset=&#8221;default&#8221;][et_pb_column type=&#8221;1_2&#8243; _builder_version=&#8221;4.5.0&#8243; _module_preset=&#8221;default&#8221;][et_pb_text _builder_version=&#8221;4.5.0&#8243; _module_preset=&#8221;default&#8221;]<\/p>\n<h3>D\u011btsk\u00e9 hry<\/h3>\n<p>Ilustrace deskov\u00fdch her, hrac\u00edch karet nebo t\u0159eba pexesa na m\u00edru, kter\u00e9 hrav\u011b zavedou d\u011bti (i dosp\u011bl\u00e9) do sv\u011bta fantazie. D\u011btsk\u00e9 hry slou\u017e\u00ed na akc\u00edch, jakou je t\u0159eba d\u011btsk\u00fd t\u00e1bor, nebo ukr\u00e1t\u00ed dlouhou chv\u00edli a zaru\u010d\u00ed z\u00e1bavu v\u00a0rodinn\u00e9m kruhu.<\/p>\n<p>[\/et_pb_text][et_pb_gallery gallery_ids=&#8221;2623,2627,2620,2628,2621,2626,2622&#8243; fullwidth=&#8221;on&#8221; hover_icon=&#8221;%%47%%&#8221; _builder_version=&#8221;4.5.0&#8243; _module_preset=&#8221;default&#8221; auto=&#8221;on&#8221; auto_speed=&#8221;2500&#8243;][\/et_pb_gallery][\/et_pb_column][et_pb_column type=&#8221;1_2&#8243; _builder_version=&#8221;4.5.0&#8243; _module_preset=&#8221;default&#8221;][et_pb_image src=&#8221;https:\/\/www.ivanaformanova.cz\/wp-content\/uploads\/2020\/12\/DSC_0120-2.jpg&#8221; _builder_version=&#8221;4.5.0&#8243; _module_preset=&#8221;default&#8221;][\/et_pb_image][et_pb_gallery gallery_ids=&#8221;2005,773,2003,2619&#8243; posts_number=&#8221;2&#8243; show_title_and_caption=&#8221;off&#8221; zoom_icon_color=&#8221;#990047&#8243; hover_icon=&#8221;%%47%%&#8221; _builder_version=&#8221;4.5.0&#8243; _module_preset=&#8221;default&#8221; min_height=&#8221;273.4px&#8221;][\/et_pb_gallery][\/et_pb_column][\/et_pb_row][\/et_pb_section][et_pb_section fb_built=&#8221;1&#8243; module_id=&#8221;webovagrafika&#8221; _builder_version=&#8221;4.5.0&#8243; _module_preset=&#8221;default&#8221;][et_pb_row column_structure=&#8221;1_2,1_2&#8243; _builder_version=&#8221;4.5.0&#8243; _module_preset=&#8221;default&#8221;][et_pb_column type=&#8221;1_2&#8243; _builder_version=&#8221;4.5.0&#8243; _module_preset=&#8221;default&#8221;][et_pb_text _builder_version=&#8221;4.5.0&#8243; _module_preset=&#8221;default&#8221;]<\/p>\n<h3>Webov\u00e1 grafika<\/h3>\n<p>I digit\u00e1ln\u00ed sv\u011bt m\u016f\u017ee b\u00fdt ilustrovan\u00fd. R\u00e1da vytvo\u0159\u00edm obr\u00e1zky na m\u00edru va\u0161im webov\u00fdm str\u00e1nk\u00e1m.<span class=\"Apple-converted-space\">\u00a0<\/span><\/p>\n<p>[\/et_pb_text][et_pb_gallery gallery_ids=&#8221;1703,2612,2611,555,820&#8243; posts_number=&#8221;2&#8243; show_title_and_caption=&#8221;off&#8221; zoom_icon_color=&#8221;#990047&#8243; hover_icon=&#8221;%%47%%&#8221; _builder_version=&#8221;4.5.0&#8243; _module_preset=&#8221;default&#8221;][\/et_pb_gallery][\/et_pb_column][et_pb_column type=&#8221;1_2&#8243; _builder_version=&#8221;4.5.0&#8243; _module_preset=&#8221;default&#8221;][et_pb_image src=&#8221;https:\/\/www.ivanaformanova.cz\/wp-content\/uploads\/2020\/12\/Minitom-2.jpg&#8221; url_new_window=&#8221;on&#8221; _builder_version=&#8221;4.5.0&#8243; _module_preset=&#8221;default&#8221;][\/et_pb_image][\/et_pb_column][\/et_pb_row][\/et_pb_section][et_pb_section fb_built=&#8221;1&#8243; specialty=&#8221;on&#8221; disabled_on=&#8221;on|off|off&#8221; module_id=&#8221;jasmernik&#8221; _builder_version=&#8221;4.5.0&#8243; _module_preset=&#8221;default&#8221;][et_pb_column type=&#8221;1_2&#8243; _builder_version=&#8221;3.25&#8243; custom_padding=&#8221;|||&#8221; custom_padding__hover=&#8221;|||&#8221;][et_pb_image src=&#8221;https:\/\/www.ivanaformanova.cz\/wp-content\/uploads\/2020\/12\/Ja-smernik.jpg&#8221; _builder_version=&#8221;4.5.0&#8243; _module_preset=&#8221;default&#8221;][\/et_pb_image][\/et_pb_column][et_pb_column type=&#8221;1_2&#8243; specialty_columns=&#8221;2&#8243; _builder_version=&#8221;3.25&#8243; custom_padding=&#8221;|||&#8221; custom_padding__hover=&#8221;|||&#8221;][et_pb_row_inner module_id=&#8221;jasmernik&#8221; _builder_version=&#8221;4.5.0&#8243; _module_preset=&#8221;default&#8221;][et_pb_column_inner saved_specialty_column_type=&#8221;1_2&#8243; _builder_version=&#8221;4.5.0&#8243; _module_preset=&#8221;default&#8221;][et_pb_text _builder_version=&#8221;4.5.0&#8243; _module_preset=&#8221;default&#8221;]<\/p>\n<h3>J\u00e1 sm\u011brn\u00edk<\/h3>\n<p>Obr\u00e1zk\u016f a ilustrac\u00ed pro tento netradi\u010dn\u00ed sm\u011brn\u00edk na Zlat\u00e9 stezce \u010cesk\u00e9ho r\u00e1je vzniklo u\u017e nespo\u010det. Den co den u n\u011bj zastavuj\u00ed kolemjdouc\u00ed, aby se vyfotili jak s\u00a0n\u00edm, tak s\u00a0kr\u00e1sn\u00fdm pohledem na Trosky, kter\u00e9 se ty\u010d\u00ed opod\u00e1l. Tyto fotografie a moje obr\u00e1zky pln\u00ed facebookovou str\u00e1nku J\u00e1 sm\u011brn\u00edk.<span class=\"Apple-converted-space\">\u00a0<\/span><\/p>\n<p><a href=\"https:\/\/www.facebook.com\/smernik.ceskyraj\" target=\"_blank\" rel=\"noopener noreferrer\">www.facebook.com\/smernik.ceskyraj<\/a><\/p>\n<p>[\/et_pb_text][\/et_pb_column_inner][\/et_pb_row_inner][et_pb_row_inner column_structure=&#8221;1_2,1_2&#8243; _builder_version=&#8221;4.5.0&#8243; _module_preset=&#8221;default&#8221;][et_pb_column_inner type=&#8221;1_2&#8243; saved_specialty_column_type=&#8221;1_2&#8243; _builder_version=&#8221;4.5.0&#8243; _module_preset=&#8221;default&#8221; background_video_mp4=&#8221;https:\/\/www.ivanaformanova.cz\/wp-content\/uploads\/2020\/10\/cesky-raj-kalend.mp4&#8243; allow_player_pause=&#8221;on&#8221; custom_padding=&#8221;139px||139px||true|false&#8221;][\/et_pb_column_inner][et_pb_column_inner type=&#8221;1_2&#8243; saved_specialty_column_type=&#8221;1_2&#8243; _builder_version=&#8221;4.5.0&#8243; _module_preset=&#8221;default&#8221; custom_padding=&#8221;||||false|false&#8221;][et_pb_gallery gallery_ids=&#8221;2020&#8243; posts_number=&#8221;2&#8243; orientation=&#8221;portrait&#8221; show_title_and_caption=&#8221;off&#8221; zoom_icon_color=&#8221;#990047&#8243; hover_icon=&#8221;%%47%%&#8221; _builder_version=&#8221;4.5.0&#8243; _module_preset=&#8221;default&#8221;][\/et_pb_gallery][\/et_pb_column_inner][\/et_pb_row_inner][\/et_pb_column][\/et_pb_section][et_pb_section fb_built=&#8221;1&#8243; specialty=&#8221;on&#8221; disabled_on=&#8221;off|on|on&#8221; _builder_version=&#8221;4.5.0&#8243; _module_preset=&#8221;default&#8221;][et_pb_column type=&#8221;1_2&#8243; specialty_columns=&#8221;2&#8243; _builder_version=&#8221;3.25&#8243; custom_padding=&#8221;|||&#8221; custom_padding__hover=&#8221;|||&#8221;][et_pb_row_inner module_id=&#8221;jasmernik2&#8243; _builder_version=&#8221;4.5.0&#8243; _module_preset=&#8221;default&#8221;][et_pb_column_inner saved_specialty_column_type=&#8221;1_2&#8243; _builder_version=&#8221;4.5.0&#8243; _module_preset=&#8221;default&#8221;][et_pb_text _builder_version=&#8221;4.5.0&#8243; _module_preset=&#8221;default&#8221;]<\/p>\n<h3>J\u00e1 sm\u011brn\u00edk<\/h3>\n<p>Obr\u00e1zk\u016f a ilustrac\u00ed pro tento netradi\u010dn\u00ed sm\u011brn\u00edk na Zlat\u00e9 stezce \u010cesk\u00e9ho r\u00e1je vzniklo u\u017e nespo\u010det. Den co den u n\u011bj zastavuj\u00ed kolemjdouc\u00ed, aby se vyfotili jak s\u00a0n\u00edm, tak s\u00a0kr\u00e1sn\u00fdm pohledem na Trosky, kter\u00e9 se ty\u010d\u00ed opod\u00e1l. Tyto fotografie a moje obr\u00e1zky pln\u00ed facebookovou str\u00e1nku J\u00e1 sm\u011brn\u00edk.<span class=\"Apple-converted-space\">\u00a0<\/span><\/p>\n<p><a href=\"https:\/\/www.facebook.com\/smernik.ceskyraj\">www.facebook.com\/smernik.ceskyraj<\/a><\/p>\n<p>[\/et_pb_text][\/et_pb_column_inner][\/et_pb_row_inner][et_pb_row_inner column_structure=&#8221;1_2,1_2&#8243; _builder_version=&#8221;4.5.0&#8243; _module_preset=&#8221;default&#8221;][et_pb_column_inner type=&#8221;1_2&#8243; saved_specialty_column_type=&#8221;1_2&#8243; _builder_version=&#8221;4.5.0&#8243; _module_preset=&#8221;default&#8221; background_enable_video_mp4=&#8221;off&#8221; allow_player_pause=&#8221;on&#8221; custom_padding=&#8221;139px||139px||true|false&#8221;][\/et_pb_column_inner][et_pb_column_inner type=&#8221;1_2&#8243; saved_specialty_column_type=&#8221;1_2&#8243; _builder_version=&#8221;4.5.0&#8243; _module_preset=&#8221;default&#8221; custom_padding=&#8221;||||false|false&#8221;][et_pb_gallery gallery_ids=&#8221;2020&#8243; posts_number=&#8221;2&#8243; orientation=&#8221;portrait&#8221; show_title_and_caption=&#8221;off&#8221; zoom_icon_color=&#8221;#990047&#8243; hover_icon=&#8221;%%47%%&#8221; _builder_version=&#8221;4.5.0&#8243; _module_preset=&#8221;default&#8221;][\/et_pb_gallery][\/et_pb_column_inner][\/et_pb_row_inner][\/et_pb_column][et_pb_column type=&#8221;1_2&#8243; _builder_version=&#8221;3.25&#8243; custom_padding=&#8221;|||&#8221; custom_padding__hover=&#8221;|||&#8221;][et_pb_image src=&#8221;https:\/\/www.ivanaformanova.cz\/wp-content\/uploads\/2020\/12\/Ja-smernik.jpg&#8221; _builder_version=&#8221;4.5.0&#8243; _module_preset=&#8221;default&#8221;][\/et_pb_image][et_pb_video src=&#8221;https:\/\/www.ivanaformanova.cz\/wp-content\/uploads\/2020\/10\/cesky-raj-kalend.mp4&#8243; image_src=&#8221;https:\/\/www.ivanaformanova.cz\/wp-content\/uploads\/2020\/12\/Snimek-obrazovky-2020-12-08-v-10.32.12.png&#8221; thumbnail_overlay_color=&#8221;rgba(0,0,0,0.6)&#8221; _builder_version=&#8221;4.5.0&#8243; _module_preset=&#8221;default&#8221;][\/et_pb_video][\/et_pb_column][\/et_pb_section][et_pb_section fb_built=&#8221;1&#8243; module_id=&#8221;samolepky&#8221; _builder_version=&#8221;4.5.0&#8243; _module_preset=&#8221;default&#8221; background_enable_color=&#8221;off&#8221;][et_pb_row column_structure=&#8221;1_2,1_2&#8243; _builder_version=&#8221;4.5.0&#8243; _module_preset=&#8221;default&#8221;][et_pb_column type=&#8221;1_2&#8243; _builder_version=&#8221;4.5.0&#8243; _module_preset=&#8221;default&#8221;][et_pb_text _builder_version=&#8221;4.5.0&#8243; _module_preset=&#8221;default&#8221;]<\/p>\n<h3>Samolepky<\/h3>\n<p>Origin\u00e1ln\u00ed popisky na ko\u0159enky nebo samolepky do svatebn\u00edho pl\u00e1nova\u010de \u010di v\u00fdzdoba na rozlu\u010dku se svobodou. Spole\u010dn\u011b m\u016f\u017eeme vyrobit samolepky, kter\u00e9 zrovna pot\u0159ebujete a kter\u00e9 d\u011blaj\u00ed radost.<span class=\"Apple-converted-space\">\u00a0<\/span><\/p>\n<p>[\/et_pb_text][et_pb_gallery gallery_ids=&#8221;2010,2651&#8243; posts_number=&#8221;2&#8243; show_title_and_caption=&#8221;off&#8221; zoom_icon_color=&#8221;#990047&#8243; hover_icon=&#8221;%%47%%&#8221; _builder_version=&#8221;4.5.0&#8243; _module_preset=&#8221;default&#8221;][\/et_pb_gallery][\/et_pb_column][et_pb_column type=&#8221;1_2&#8243; _builder_version=&#8221;4.5.0&#8243; _module_preset=&#8221;default&#8221;][et_pb_image src=&#8221;https:\/\/www.ivanaformanova.cz\/wp-content\/uploads\/2020\/12\/Do-kuchyne-2.jpg&#8221; _builder_version=&#8221;4.5.0&#8243; _module_preset=&#8221;default&#8221;][\/et_pb_image][\/et_pb_column][\/et_pb_row][\/et_pb_section][et_pb_section fb_built=&#8221;1&#8243; specialty=&#8221;on&#8221; disabled_on=&#8221;on|off|off&#8221; module_id=&#8221;cosenosi&#8221; _builder_version=&#8221;4.5.0&#8243; _module_preset=&#8221;default&#8221;][et_pb_column type=&#8221;1_2&#8243; _builder_version=&#8221;3.25&#8243; custom_padding=&#8221;|||&#8221; custom_padding__hover=&#8221;|||&#8221;][et_pb_image src=&#8221;https:\/\/www.ivanaformanova.cz\/wp-content\/uploads\/2021\/11\/IMG_9650-2.jpg&#8221; title_text=&#8221;Obr\u00e1zky, co se nos\u00ed&#8221; _builder_version=&#8221;4.5.0&#8243; _module_preset=&#8221;default&#8221; height_tablet=&#8221;&#8221; height_phone=&#8221;&#8221; height_last_edited=&#8221;on|desktop&#8221; custom_margin=&#8221;||||false|false&#8221; custom_padding=&#8221;21px||||false|false&#8221; custom_padding_tablet=&#8221;&#8221; custom_padding_phone=&#8221;&#8221; custom_padding_last_edited=&#8221;on|desktop&#8221;][\/et_pb_image][\/et_pb_column][et_pb_column type=&#8221;1_2&#8243; specialty_columns=&#8221;2&#8243; _builder_version=&#8221;3.25&#8243; custom_padding=&#8221;|||&#8221; custom_padding__hover=&#8221;|||&#8221;][et_pb_row_inner _builder_version=&#8221;4.5.0&#8243; _module_preset=&#8221;default&#8221;][et_pb_column_inner saved_specialty_column_type=&#8221;1_2&#8243; _builder_version=&#8221;4.5.0&#8243; _module_preset=&#8221;default&#8221;][et_pb_text _builder_version=&#8221;4.5.0&#8243; _module_preset=&#8221;default&#8221;]<\/p>\n<h3>Obr\u00e1zky, co se nos\u00ed<\/h3>\n<p><span>A\u0165 u\u017e mikina pro t\u00e1born\u00edky, nebo oble\u010den\u00ed pro zdravotnick\u00fd person\u00e1l\u2026 <\/span><\/p>\n<p><span>Moje obr\u00e1zky m\u016f\u017eou vkusn\u011b zdobit od\u011bv kohokoli a p\u0159i jak\u00e9koli p\u0159\u00edle\u017eitosti. R\u00e1da navrhnu ilustraci i na va\u0161e tri\u010dko, kalhoty nebo t\u0159eba \u010depici.<\/span><\/p>\n<p>[\/et_pb_text][\/et_pb_column_inner][\/et_pb_row_inner][et_pb_row_inner column_structure=&#8221;1_2,1_2&#8243; _builder_version=&#8221;4.5.0&#8243; _module_preset=&#8221;default&#8221;][et_pb_column_inner type=&#8221;1_2&#8243; saved_specialty_column_type=&#8221;1_2&#8243; _builder_version=&#8221;4.5.0&#8243; _module_preset=&#8221;default&#8221;][et_pb_gallery gallery_ids=&#8221;2299,2302&#8243; fullwidth=&#8221;on&#8221; hover_icon=&#8221;%%47%%&#8221; _builder_version=&#8221;4.5.0&#8243; _module_preset=&#8221;default&#8221; auto=&#8221;on&#8221; auto_speed=&#8221;2000&#8243;][\/et_pb_gallery][\/et_pb_column_inner][et_pb_column_inner type=&#8221;1_2&#8243; saved_specialty_column_type=&#8221;1_2&#8243; _builder_version=&#8221;4.5.0&#8243; _module_preset=&#8221;default&#8221;][et_pb_gallery gallery_ids=&#8221;2251,2250,2300,2297&#8243; fullwidth=&#8221;on&#8221; hover_icon=&#8221;%%47%%&#8221; _builder_version=&#8221;4.5.0&#8243; _module_preset=&#8221;default&#8221; auto=&#8221;on&#8221; auto_speed=&#8221;2000&#8243;][\/et_pb_gallery][\/et_pb_column_inner][\/et_pb_row_inner][\/et_pb_column][\/et_pb_section][et_pb_section fb_built=&#8221;1&#8243; specialty=&#8221;on&#8221; disabled_on=&#8221;off|on|on&#8221; _builder_version=&#8221;4.5.0&#8243; _module_preset=&#8221;default&#8221;][et_pb_column type=&#8221;1_2&#8243; specialty_columns=&#8221;2&#8243; _builder_version=&#8221;3.25&#8243; custom_padding=&#8221;|||&#8221; custom_padding__hover=&#8221;|||&#8221;][et_pb_row_inner _builder_version=&#8221;4.5.0&#8243; _module_preset=&#8221;default&#8221;][et_pb_column_inner saved_specialty_column_type=&#8221;1_2&#8243; _builder_version=&#8221;4.5.0&#8243; _module_preset=&#8221;default&#8221;][et_pb_text _builder_version=&#8221;4.5.0&#8243; _module_preset=&#8221;default&#8221;]<\/p>\n<h3>Obr\u00e1zky, co se nos\u00ed<\/h3>\n<p><span>A\u0165 u\u017e mikina pro t\u00e1born\u00edky, nebo oble\u010den\u00ed pro zdravotnick\u00fd person\u00e1l\u2026 <\/span><\/p>\n<p><span>Moje obr\u00e1zky m\u016f\u017eou vkusn\u011b zdobit od\u011bv kohokoli a p\u0159i jak\u00e9koli p\u0159\u00edle\u017eitosti. R\u00e1da navrhnu ilustraci i na va\u0161e tri\u010dko, kalhoty nebo t\u0159eba \u010depici.<\/span><\/p>\n<p>[\/et_pb_text][\/et_pb_column_inner][\/et_pb_row_inner][et_pb_row_inner column_structure=&#8221;1_2,1_2&#8243; _builder_version=&#8221;4.5.0&#8243; _module_preset=&#8221;default&#8221;][et_pb_column_inner type=&#8221;1_2&#8243; saved_specialty_column_type=&#8221;1_2&#8243; _builder_version=&#8221;4.5.0&#8243; _module_preset=&#8221;default&#8221;][et_pb_gallery gallery_ids=&#8221;2299,2302&#8243; fullwidth=&#8221;on&#8221; hover_icon=&#8221;%%47%%&#8221; _builder_version=&#8221;4.5.0&#8243; _module_preset=&#8221;default&#8221; auto=&#8221;on&#8221; auto_speed=&#8221;2000&#8243;][\/et_pb_gallery][\/et_pb_column_inner][et_pb_column_inner type=&#8221;1_2&#8243; saved_specialty_column_type=&#8221;1_2&#8243; _builder_version=&#8221;4.5.0&#8243; _module_preset=&#8221;default&#8221;][et_pb_gallery gallery_ids=&#8221;2251,2250,2300,2297&#8243; fullwidth=&#8221;on&#8221; hover_icon=&#8221;%%47%%&#8221; _builder_version=&#8221;4.5.0&#8243; _module_preset=&#8221;default&#8221; auto=&#8221;on&#8221; auto_speed=&#8221;2000&#8243;][\/et_pb_gallery][\/et_pb_column_inner][\/et_pb_row_inner][\/et_pb_column][et_pb_column type=&#8221;1_2&#8243; _builder_version=&#8221;3.25&#8243; custom_padding=&#8221;|||&#8221; custom_padding__hover=&#8221;|||&#8221;][et_pb_image src=&#8221;https:\/\/www.ivanaformanova.cz\/wp-content\/uploads\/2021\/11\/IMG_9650-2.jpg&#8221; title_text=&#8221;Obr\u00e1zky, co se nos\u00ed&#8221; _builder_version=&#8221;4.5.0&#8243; _module_preset=&#8221;default&#8221; height_tablet=&#8221;&#8221; height_phone=&#8221;&#8221; height_last_edited=&#8221;on|desktop&#8221; custom_margin=&#8221;||||false|false&#8221; custom_padding=&#8221;21px||||false|false&#8221; custom_padding_tablet=&#8221;&#8221; custom_padding_phone=&#8221;&#8221; custom_padding_last_edited=&#8221;on|desktop&#8221;][\/et_pb_image][\/et_pb_column][\/et_pb_section][et_pb_section fb_built=&#8221;1&#8243; module_id=&#8221;pohadkyzeskal&#8221; _builder_version=&#8221;4.5.0&#8243; _module_preset=&#8221;default&#8221;][et_pb_row column_structure=&#8221;1_2,1_2&#8243; disabled_on=&#8221;on|off|off&#8221; _builder_version=&#8221;4.5.0&#8243; _module_preset=&#8221;default&#8221;][et_pb_column type=&#8221;1_2&#8243; _builder_version=&#8221;4.5.0&#8243; _module_preset=&#8221;default&#8221; background_video_mp4=&#8221;https:\/\/www.ivanaformanova.cz\/wp-content\/uploads\/2020\/10\/Skalacek-2.mp4&#8243; custom_padding=&#8221;157px||157px||true|false&#8221;][\/et_pb_column][et_pb_column type=&#8221;1_2&#8243; _builder_version=&#8221;4.5.0&#8243; _module_preset=&#8221;default&#8221;][et_pb_text _builder_version=&#8221;4.5.0&#8243; _module_preset=&#8221;default&#8221;]<\/p>\n<h3>Poh\u00e1dky ze skal<\/h3>\n<p>Ilustrace poh\u00e1dkov\u00fdch p\u0159\u00edb\u011bh\u016f s\u00a0hlavn\u00ed postavou Skal\u00e1\u010dkem, kter\u00e9 nav\u00e1d\u011bj\u00ed d\u011bti i dosp\u011bl\u00e9 na m\u00edsta v\u00a0\u010cesk\u00e9m r\u00e1ji, kde se skr\u00fdvaj\u00ed geocashky. Poh\u00e1dky ze skal jsou z\u00e1rove\u0148 vydan\u00e9 i samostatn\u011b jako ebook.<span class=\"Apple-converted-space\">\u00a0<\/span><\/p>\n<p><a href=\"https:\/\/www.geocaching.com\/geocache\/GC4WJBN_pivovar-pohadky-ze-skal\">www.geocaching.com\/geocache\/GC4WJBN_pivovar-pohadky-ze-skal<\/a><\/p>\n<p><a href=\"http:\/\/www.bezvydavatele.cz\/book.php?Id=700\">www.bezvydavatele.cz\/book.php?Id=700<\/a><\/p>\n<p>[\/et_pb_text][et_pb_gallery gallery_ids=&#8221;2021,2014&#8243; posts_number=&#8221;2&#8243; show_title_and_caption=&#8221;off&#8221; zoom_icon_color=&#8221;#990047&#8243; hover_icon=&#8221;%%47%%&#8221; _builder_version=&#8221;4.5.0&#8243; _module_preset=&#8221;default&#8221;][\/et_pb_gallery][\/et_pb_column][\/et_pb_row][et_pb_row column_structure=&#8221;1_2,1_2&#8243; disabled_on=&#8221;off|on|on&#8221; module_id=&#8221;pohadkyzeskal2&#8243; _builder_version=&#8221;4.5.0&#8243; _module_preset=&#8221;default&#8221;][et_pb_column type=&#8221;1_2&#8243; _builder_version=&#8221;4.5.0&#8243; _module_preset=&#8221;default&#8221; background_enable_video_mp4=&#8221;off&#8221; custom_padding=&#8221;||||true|false&#8221;][et_pb_text _builder_version=&#8221;4.5.0&#8243; _module_preset=&#8221;default&#8221;]<\/p>\n<h3>Poh\u00e1dky ze skal<\/h3>\n<p>Ilustrace poh\u00e1dkov\u00fdch p\u0159\u00edb\u011bh\u016f s\u00a0hlavn\u00ed postavou Skal\u00e1\u010dkem, kter\u00e9 nav\u00e1d\u011bj\u00ed d\u011bti i dosp\u011bl\u00e9 na m\u00edsta v\u00a0\u010cesk\u00e9m r\u00e1ji, kde se skr\u00fdvaj\u00ed geocashky. Poh\u00e1dky ze skal jsou z\u00e1rove\u0148 vydan\u00e9 i samostatn\u011b jako ebook.<span class=\"Apple-converted-space\">\u00a0<\/span><\/p>\n<p><a href=\"https:\/\/www.geocaching.com\/geocache\/GC4WJBN_pivovar-pohadky-ze-skal\">www.geocaching.com\/geocache\/GC4WJBN_pivovar-pohadky-ze-skal<\/a><\/p>\n<p><a href=\"http:\/\/www.bezvydavatele.cz\/book.php?Id=700\">www.bezvydavatele.cz\/book.php?Id=700<\/a><\/p>\n<p>[\/et_pb_text][et_pb_gallery gallery_ids=&#8221;2021,2014&#8243; posts_number=&#8221;2&#8243; show_title_and_caption=&#8221;off&#8221; zoom_icon_color=&#8221;#990047&#8243; hover_icon=&#8221;%%47%%&#8221; _builder_version=&#8221;4.5.0&#8243; _module_preset=&#8221;default&#8221;][\/et_pb_gallery][et_pb_video src=&#8221;https:\/\/www.ivanaformanova.cz\/wp-content\/uploads\/2020\/10\/Skalacek-2.mp4&#8243; image_src=&#8221;https:\/\/www.ivanaformanova.cz\/wp-content\/uploads\/2020\/12\/Snimek-obrazovky-2020-12-08-v-10.33.03.png&#8221; thumbnail_overlay_color=&#8221;rgba(0,0,0,0.6)&#8221; _builder_version=&#8221;4.5.0&#8243; _module_preset=&#8221;default&#8221;][\/et_pb_video][\/et_pb_column][et_pb_column type=&#8221;1_2&#8243; _builder_version=&#8221;4.5.0&#8243; _module_preset=&#8221;default&#8221; background_enable_video_mp4=&#8221;off&#8221; custom_padding=&#8221;157px||157px||true|false&#8221;][\/et_pb_column][\/et_pb_row][\/et_pb_section][et_pb_section fb_built=&#8221;1&#8243; specialty=&#8221;on&#8221; disabled_on=&#8221;on|on|on&#8221; module_id=&#8221;fyzioforsure&#8221; _builder_version=&#8221;4.5.0&#8243; _module_preset=&#8221;default&#8221; disabled=&#8221;on&#8221;][et_pb_column type=&#8221;1_2&#8243; specialty_columns=&#8221;2&#8243; _builder_version=&#8221;3.25&#8243; custom_padding=&#8221;|||&#8221; custom_padding__hover=&#8221;|||&#8221;][et_pb_row_inner _builder_version=&#8221;4.5.0&#8243; _module_preset=&#8221;default&#8221;][et_pb_column_inner saved_specialty_column_type=&#8221;1_2&#8243; _builder_version=&#8221;4.5.0&#8243; _module_preset=&#8221;default&#8221;][et_pb_text _builder_version=&#8221;4.5.0&#8243; _module_preset=&#8221;default&#8221;]<\/p>\n<h3>Fyzio For Sure<\/h3>\n<p>Fyzio For Sure\u00a0se v\u011bnuje individu\u00e1ln\u00ed terapii zam\u011b\u0159en\u00e9 na problematiku pohybov\u00e9ho apar\u00e1tu.\u00a0Poskytuje komplexn\u00ed slu\u017eby v oboru fyzioterapie. V r\u00e1mci individu\u00e1ln\u00ed terapie odhaluje p\u0159\u00ed\u010diny probl\u00e9m\u016f, napravuje dysbalance pohybov\u00e9ho apar\u00e1tu, pom\u00e1h\u00e1 v \u00a0rehabilitaci po zran\u011bn\u00ed a operac\u00edch a sna\u017e\u00ed se p\u0159edch\u00e1zet n\u00e1sledn\u00fdm pot\u00ed\u017e\u00edm.<\/p>\n<p><a href=\"https:\/\/www.fyziofs.cz\" target=\"_blank\" rel=\"noopener noreferrer\">www.fyziofs.cz<\/a><\/p>\n<p>[\/et_pb_text][\/et_pb_column_inner][\/et_pb_row_inner][et_pb_row_inner column_structure=&#8221;1_2,1_2&#8243; _builder_version=&#8221;4.5.0&#8243; _module_preset=&#8221;default&#8221;][et_pb_column_inner type=&#8221;1_2&#8243; saved_specialty_column_type=&#8221;1_2&#8243; _builder_version=&#8221;4.5.0&#8243; _module_preset=&#8221;default&#8221;][et_pb_gallery gallery_ids=&#8221;2272,2273&#8243; fullwidth=&#8221;on&#8221; hover_icon=&#8221;%%47%%&#8221; _builder_version=&#8221;4.5.0&#8243; _module_preset=&#8221;default&#8221; auto=&#8221;on&#8221; auto_speed=&#8221;2000&#8243;][\/et_pb_gallery][\/et_pb_column_inner][et_pb_column_inner type=&#8221;1_2&#8243; saved_specialty_column_type=&#8221;1_2&#8243; _builder_version=&#8221;4.5.0&#8243; _module_preset=&#8221;default&#8221;][et_pb_gallery gallery_ids=&#8221;2251,2250,2274,2259&#8243; fullwidth=&#8221;on&#8221; hover_icon=&#8221;%%47%%&#8221; _builder_version=&#8221;4.5.0&#8243; _module_preset=&#8221;default&#8221; auto=&#8221;on&#8221; auto_speed=&#8221;2000&#8243;][\/et_pb_gallery][\/et_pb_column_inner][\/et_pb_row_inner][\/et_pb_column][et_pb_column type=&#8221;1_2&#8243; _builder_version=&#8221;3.25&#8243; custom_padding=&#8221;|||&#8221; custom_padding__hover=&#8221;|||&#8221;][et_pb_image src=&#8221;https:\/\/www.ivanaformanova.cz\/wp-content\/uploads\/2021\/04\/Novy-projekt-4.jpg&#8221; title_text=&#8221;Fyzio For Sure&#8221; url=&#8221;http:\/\/www.minitom.info&#8221; url_new_window=&#8221;on&#8221; _builder_version=&#8221;4.5.0&#8243; _module_preset=&#8221;default&#8221;][\/et_pb_image][\/et_pb_column][\/et_pb_section][et_pb_section fb_built=&#8221;1&#8243; disabled_on=&#8221;on|on|on&#8221; module_id=&#8221;oddechovycas&#8221; _builder_version=&#8221;4.5.0&#8243; _module_preset=&#8221;default&#8221; disabled=&#8221;on&#8221;][et_pb_row column_structure=&#8221;1_2,1_2&#8243; _builder_version=&#8221;4.5.0&#8243; _module_preset=&#8221;default&#8221;][et_pb_column type=&#8221;1_2&#8243; _builder_version=&#8221;4.5.0&#8243; _module_preset=&#8221;default&#8221;][et_pb_image src=&#8221;https:\/\/www.ivanaformanova.cz\/wp-content\/uploads\/2021\/01\/WhatsApp-Image-2021-01-13-at-22.23.04.jpeg&#8221; title_text=&#8221;Oddechov\u00fd \u010das&#8221; _builder_version=&#8221;4.5.0&#8243; _module_preset=&#8221;default&#8221; height_tablet=&#8221;&#8221; height_phone=&#8221;&#8221; height_last_edited=&#8221;on|desktop&#8221; custom_margin=&#8221;||||false|false&#8221; custom_padding=&#8221;21px||||false|false&#8221; custom_padding_tablet=&#8221;&#8221; custom_padding_phone=&#8221;&#8221; custom_padding_last_edited=&#8221;on|desktop&#8221;][\/et_pb_image][\/et_pb_column][et_pb_column type=&#8221;1_2&#8243; _builder_version=&#8221;4.5.0&#8243; _module_preset=&#8221;default&#8221;][et_pb_text _builder_version=&#8221;4.5.0&#8243; _module_preset=&#8221;default&#8221;]<\/p>\n<h3>Oddechov\u00fd \u010das Kuby Eichlera<\/h3>\n<p><span>Zdrav\u00edm v\u0161echny fanou\u0161ky \u0161pi\u010dkov\u00e9ho basketbalu. Pr\u00e1v\u011b pro n\u011b toti\u017e vznikl nov\u00fd podcast Oddechov\u00fd \u010das, kter\u00fd v\u00e1m bude p\u0159in\u00e1\u0161et aktu\u00e1ln\u00ed informace a rozhovory ze sv\u011bta pod bezedn\u00fdmi ko\u0161i.<\/span><\/p>\n<p><iframe loading=\"lazy\" title=\"Spotify Embed: LeBron vs. Zlatan, necht\u011bn\u00e1 All-Star game a pad\u00e1ky tren\u00e9r\u016f s expertem \u010cT Sport Kubou Velensk\u00fdm\" width=\"100%\" height=\"232\" allowtransparency=\"true\" frameborder=\"0\" allow=\"encrypted-media\" src=\"https:\/\/open.spotify.com\/embed-podcast\/episode\/7obmEDNLLiZQHgKkuWGgBA?si=uCgsrFmHRVeJhC6OWKEKAA\"><\/iframe><\/p>\n<p>[\/et_pb_text][et_pb_gallery gallery_ids=&#8221;2156,2180&#8243; posts_number=&#8221;2&#8243; show_title_and_caption=&#8221;off&#8221; zoom_icon_color=&#8221;#990047&#8243; hover_icon=&#8221;%%47%%&#8221; _builder_version=&#8221;4.5.0&#8243; _module_preset=&#8221;default&#8221;][\/et_pb_gallery][\/et_pb_column][\/et_pb_row][\/et_pb_section][et_pb_section fb_built=&#8221;1&#8243; disabled_on=&#8221;on|on|on&#8221; _builder_version=&#8221;4.5.0&#8243; _module_preset=&#8221;default&#8221; disabled=&#8221;on&#8221;][et_pb_row column_structure=&#8221;1_2,1_2&#8243; _builder_version=&#8221;4.5.0&#8243; _module_preset=&#8221;default&#8221;][et_pb_column type=&#8221;1_2&#8243; _builder_version=&#8221;4.5.0&#8243; _module_preset=&#8221;default&#8221;][et_pb_text _builder_version=&#8221;4.5.0&#8243; _module_preset=&#8221;default&#8221;]<\/p>\n<h3>Oddechov\u00fd \u010das Kuby Eichlera<\/h3>\n<p><span>Zdrav\u00edm v\u0161echny fanou\u0161ky \u0161pi\u010dkov\u00e9ho basketbalu. Pr\u00e1v\u011b pro n\u011b toti\u017e vznikl nov\u00fd podcast Oddechov\u00fd \u010das, kter\u00fd v\u00e1m bude p\u0159in\u00e1\u0161et aktu\u00e1ln\u00ed informace a rozhovory ze sv\u011bta pod bezedn\u00fdmi ko\u0161i.<\/span><\/p>\n<p><iframe loading=\"lazy\" title=\"Spotify Embed: LeBron vs. Zlatan, necht\u011bn\u00e1 All-Star game a pad\u00e1ky tren\u00e9r\u016f s expertem \u010cT Sport Kubou Velensk\u00fdm\" width=\"100%\" height=\"232\" allowtransparency=\"true\" frameborder=\"0\" allow=\"encrypted-media\" src=\"https:\/\/open.spotify.com\/embed-podcast\/episode\/7obmEDNLLiZQHgKkuWGgBA?si=uCgsrFmHRVeJhC6OWKEKAA\"><\/iframe><\/p>\n<p>[\/et_pb_text][et_pb_gallery gallery_ids=&#8221;2156,2155&#8243; posts_number=&#8221;2&#8243; show_title_and_caption=&#8221;off&#8221; zoom_icon_color=&#8221;#990047&#8243; hover_icon=&#8221;%%47%%&#8221; _builder_version=&#8221;4.5.0&#8243; _module_preset=&#8221;default&#8221;][\/et_pb_gallery][\/et_pb_column][et_pb_column type=&#8221;1_2&#8243; _builder_version=&#8221;4.5.0&#8243; _module_preset=&#8221;default&#8221;][et_pb_image src=&#8221;https:\/\/www.ivanaformanova.cz\/wp-content\/uploads\/2021\/01\/WhatsApp-Image-2021-01-13-at-22.23.04.jpeg&#8221; title_text=&#8221;Oddechov\u00fd \u010das&#8221; _builder_version=&#8221;4.5.0&#8243; _module_preset=&#8221;default&#8221; height_tablet=&#8221;&#8221; height_phone=&#8221;&#8221; height_last_edited=&#8221;on|desktop&#8221; custom_margin=&#8221;||||false|false&#8221; custom_padding=&#8221;21px||||false|false&#8221; custom_padding_tablet=&#8221;&#8221; custom_padding_phone=&#8221;&#8221; custom_padding_last_edited=&#8221;on|desktop&#8221;][\/et_pb_image][\/et_pb_column][\/et_pb_row][\/et_pb_section][et_pb_section fb_built=&#8221;1&#8243; disabled_on=&#8221;on|on|on&#8221; module_id=&#8221;kutnahora&#8221; _builder_version=&#8221;4.5.0&#8243; _module_preset=&#8221;default&#8221; disabled=&#8221;on&#8221;][et_pb_row column_structure=&#8221;1_2,1_2&#8243; _builder_version=&#8221;4.5.0&#8243; _module_preset=&#8221;default&#8221;][et_pb_column type=&#8221;1_2&#8243; _builder_version=&#8221;4.5.0&#8243; _module_preset=&#8221;default&#8221;][et_pb_text module_id=&#8221;vilauvarhanare&#8221; _builder_version=&#8221;4.5.0&#8243; _module_preset=&#8221;default&#8221;]<\/p>\n<h3>Vila U Varhan\u00e1\u0159e<\/h3>\n<p>Pohledy, vizitky, n\u00e1vrh j\u00eddeln\u00edho l\u00edstku a dal\u0161\u00ed propaga\u010dn\u00ed materi\u00e1ly hotelu a restaurace ve Vile U Varhan\u00e1\u0159e \u2013 n\u00e1dhern\u00e9ho m\u00edsta s\u00a0jedine\u010dn\u00fdm v\u00fdhledem na Chr\u00e1m sv. Barbory v\u00a0srdci Kutn\u00e9 Hory.<span class=\"Apple-converted-space\">\u00a0<\/span><\/p>\n<p><a href=\"https:\/\/uvarhanare.cz\" target=\"_blank\" rel=\"noopener noreferrer\">www.uvarhanare.cz<\/a><\/p>\n<p>[\/et_pb_text][et_pb_gallery gallery_ids=&#8221;2028,2008&#8243; posts_number=&#8221;2&#8243; show_title_and_caption=&#8221;off&#8221; show_pagination=&#8221;off&#8221; zoom_icon_color=&#8221;#990047&#8243; hover_icon=&#8221;%%47%%&#8221; _builder_version=&#8221;4.5.0&#8243; _module_preset=&#8221;default&#8221;][\/et_pb_gallery][\/et_pb_column][et_pb_column type=&#8221;1_2&#8243; _builder_version=&#8221;4.5.0&#8243; _module_preset=&#8221;default&#8221;][et_pb_image src=&#8221;https:\/\/www.ivanaformanova.cz\/wp-content\/uploads\/2020\/12\/DSC_0735-2.jpg&#8221; _builder_version=&#8221;4.5.0&#8243; _module_preset=&#8221;default&#8221;][\/et_pb_image][\/et_pb_column][\/et_pb_row][\/et_pb_section][et_pb_section fb_built=&#8221;1&#8243; disabled_on=&#8221;on|on|on&#8221; module_id=&#8221;praguefloorballcup&#8221; _builder_version=&#8221;4.5.0&#8243; _module_preset=&#8221;default&#8221; disabled=&#8221;on&#8221;][et_pb_row column_structure=&#8221;1_2,1_2&#8243; disabled_on=&#8221;on|off|off&#8221; _builder_version=&#8221;4.5.0&#8243; _module_preset=&#8221;default&#8221;][et_pb_column type=&#8221;1_2&#8243; _builder_version=&#8221;4.5.0&#8243; _module_preset=&#8221;default&#8221; background_video_mp4=&#8221;https:\/\/www.ivanaformanova.cz\/wp-content\/uploads\/2020\/10\/pohar-pfc.mp4&#8243; custom_padding=&#8221;145px||145px||true|false&#8221;][et_pb_video thumbnail_overlay_color=&#8221;rgba(0,0,0,0.6)&#8221; _builder_version=&#8221;4.5.0&#8243; _module_preset=&#8221;default&#8221;][\/et_pb_video][\/et_pb_column][et_pb_column type=&#8221;1_2&#8243; _builder_version=&#8221;4.5.0&#8243; _module_preset=&#8221;default&#8221;][et_pb_text _builder_version=&#8221;4.5.0&#8243; _module_preset=&#8221;default&#8221;]<\/p>\n<h3>Prague Floorball Cup<\/h3>\n<p>Propaga\u010dn\u00ed ilustrace vyu\u017e\u00edvan\u00e9 zejm\u00e9na ke komunikaci na soci\u00e1ln\u00edch s\u00edt\u00edch mezin\u00e1rodn\u00edho florbalov\u00e9ho turnaje Prague Floorball Cup. Ten si v\u017edy zakl\u00e1d\u00e1 na originalit\u011b a nezapomenuteln\u00e9 atmosf\u00e9\u0159e, kterou vytv\u00e1\u0159\u00ed v\u0161ichni z\u00fa\u010dastn\u011bn\u00ed.<span class=\"Apple-converted-space\">\u00a0<\/span><\/p>\n<p><a href=\"https:\/\/www.praguefloorballcup.cz\/\" target=\"_blank\" rel=\"noopener noreferrer\">www.praguefloorballcup.cz\u00a0<\/a><\/p>\n<p>[\/et_pb_text][et_pb_gallery gallery_ids=&#8221;2025,2026&#8243; posts_number=&#8221;2&#8243; show_title_and_caption=&#8221;off&#8221; zoom_icon_color=&#8221;#990047&#8243; hover_icon=&#8221;%%47%%&#8221; _builder_version=&#8221;4.5.0&#8243; _module_preset=&#8221;default&#8221;][\/et_pb_gallery][\/et_pb_column][\/et_pb_row][et_pb_row disabled_on=&#8221;on|on|on&#8221; module_id=&#8221;praguefloorballcup2&#8243; _builder_version=&#8221;4.5.0&#8243; _module_preset=&#8221;default&#8221; disabled=&#8221;on&#8221;][et_pb_column type=&#8221;4_4&#8243; _builder_version=&#8221;4.5.0&#8243; _module_preset=&#8221;default&#8221;][et_pb_text _builder_version=&#8221;4.5.0&#8243; _module_preset=&#8221;default&#8221;]<\/p>\n<h3>Prague Floorball Cup<\/h3>\n<p>Propaga\u010dn\u00ed ilustrace vyu\u017e\u00edvan\u00e9 zejm\u00e9na ke komunikaci na soci\u00e1ln\u00edch s\u00edt\u00edch mezin\u00e1rodn\u00edho florbalov\u00e9ho turnaje Prague Floorball Cup. Ten si v\u017edy zakl\u00e1d\u00e1 na originalit\u011b a nezapomenuteln\u00e9 atmosf\u00e9\u0159e, kterou vytv\u00e1\u0159\u00ed v\u0161ichni z\u00fa\u010dastn\u011bn\u00ed.<span class=\"Apple-converted-space\">\u00a0<\/span><\/p>\n<p><a href=\"https:\/\/www.praguefloorballcup.cz\/\">www.praguefloorballcup.cz\u00a0<\/a><\/p>\n<p>[\/et_pb_text][et_pb_gallery gallery_ids=&#8221;2025,2026&#8243; posts_number=&#8221;2&#8243; show_title_and_caption=&#8221;off&#8221; zoom_icon_color=&#8221;#990047&#8243; hover_icon=&#8221;%%47%%&#8221; _builder_version=&#8221;4.5.0&#8243; _module_preset=&#8221;default&#8221;][\/et_pb_gallery][et_pb_video src=&#8221;https:\/\/www.ivanaformanova.cz\/wp-content\/uploads\/2020\/10\/pohar-pfc.mp4&#8243; image_src=&#8221;https:\/\/www.ivanaformanova.cz\/wp-content\/uploads\/2020\/12\/Snimek-obrazovky-2020-12-08-v-10.32.41.png&#8221; thumbnail_overlay_color=&#8221;rgba(0,0,0,0.6)&#8221; _builder_version=&#8221;4.5.0&#8243; _module_preset=&#8221;default&#8221;][\/et_pb_video][et_pb_video _builder_version=&#8221;4.5.0&#8243; _module_preset=&#8221;default&#8221;][\/et_pb_video][\/et_pb_column][\/et_pb_row][\/et_pb_section][et_pb_section fb_built=&#8221;1&#8243; disabled_on=&#8221;on|on|on&#8221; module_id=&#8221;frahelz&#8221; _builder_version=&#8221;4.5.0&#8243; _module_preset=&#8221;default&#8221; disabled=&#8221;on&#8221;][et_pb_row column_structure=&#8221;1_2,1_2&#8243; _builder_version=&#8221;4.5.0&#8243; _module_preset=&#8221;default&#8221;][et_pb_column type=&#8221;1_2&#8243; _builder_version=&#8221;4.5.0&#8243; _module_preset=&#8221;default&#8221;][et_pb_text _builder_version=&#8221;4.5.0&#8243; _module_preset=&#8221;default&#8221;]<\/p>\n<h3>Frahel\u017e<\/h3>\n<p>Pohledy a plak\u00e1ty kreslen\u00e9 na m\u00edru jedn\u00e9 sympatick\u00e9, a m\u00e9 velmi obl\u00edben\u00e9, vesni\u010dce Frahel\u017e. Toto m\u00edsto napln\u011bn\u00e9 pohodou le\u017e\u00ed mezi jiho\u010desk\u00fdmi rybn\u00edky a je pln\u00e9 mil\u00fdch lid\u00ed, kte\u0159\u00ed v\u00e1s v\u017edy v\u0159ele p\u0159ijmou.<span class=\"Apple-converted-space\">\u00a0<\/span><\/p>\n<p><a href=\"https:\/\/www.frahelz.cz\" target=\"_blank\" rel=\"noopener noreferrer\">www.frahelz.cz<\/a><\/p>\n<p>[\/et_pb_text][et_pb_gallery gallery_ids=&#8221;2024,2015,2009&#8243; posts_number=&#8221;2&#8243; orientation=&#8221;portrait&#8221; show_title_and_caption=&#8221;off&#8221; zoom_icon_color=&#8221;#990047&#8243; hover_icon=&#8221;%%47%%&#8221; _builder_version=&#8221;4.5.0&#8243; _module_preset=&#8221;default&#8221;][\/et_pb_gallery][\/et_pb_column][et_pb_column type=&#8221;1_2&#8243; _builder_version=&#8221;4.5.0&#8243; _module_preset=&#8221;default&#8221;][et_pb_image src=&#8221;https:\/\/www.ivanaformanova.cz\/wp-content\/uploads\/2020\/12\/Frahelz-2.jpg&#8221; _builder_version=&#8221;4.5.0&#8243; _module_preset=&#8221;default&#8221;][\/et_pb_image][\/et_pb_column][\/et_pb_row][\/et_pb_section][et_pb_section fb_built=&#8221;1&#8243; disabled_on=&#8221;on|on|on&#8221; module_id=&#8221;vanocnisoutez&#8221; _builder_version=&#8221;4.5.0&#8243; _module_preset=&#8221;default&#8221; disabled=&#8221;on&#8221;][et_pb_row column_structure=&#8221;1_2,1_2&#8243; _builder_version=&#8221;4.5.0&#8243; _module_preset=&#8221;default&#8221;][et_pb_column type=&#8221;1_2&#8243; _builder_version=&#8221;4.5.0&#8243; _module_preset=&#8221;default&#8221;][et_pb_text _builder_version=&#8221;4.5.0&#8243; _module_preset=&#8221;default&#8221;]<\/p>\n<h3>V\u00e1no\u010dn\u00ed sout\u011b\u017e<\/h3>\n<p>Pro v\u011bt\u0161inu z n\u00e1s jsou V\u00e1noce dobou plnou shonu, n\u00e1kup\u016f, za\u0159izov\u00e1n\u00ed a stresu. M\u011bli bychom si v\u0161ak uv\u011bdomit, \u017ee n\u00e1m tyto sv\u00e1tky p\u0159in\u00e1\u0161ej\u00ed i spoustu p\u0159\u00edjemn\u00fdch okam\u017eik\u016f, kter\u00fdch bychom si m\u011bli n\u00e1le\u017eit\u011b u\u017e\u00edvat. Ve sv\u00e9m obr\u00e1zku jsem se tedy rozhodla vystihnout klasick\u00e9 v\u00e1no\u010dn\u00ed situace a emoce, kter\u00e9 p\u0159i nich za\u017e\u00edv\u00e1me. Douf\u00e1m, \u017ee m\u016fj n\u00e1vrh pom\u016f\u017ee lidem navodit tu spr\u00e1vnkou atmosf\u00e9ru, kter\u00e1 by se m\u00edsto stresu mohla n\u00e9st v duchu klidu, pohody a radosti.<\/p>\n<p>[\/et_pb_text][et_pb_gallery gallery_ids=&#8221;2023,2018,2027,2001&#8243; posts_number=&#8221;2&#8243; orientation=&#8221;portrait&#8221; show_title_and_caption=&#8221;off&#8221; zoom_icon_color=&#8221;#990047&#8243; hover_icon=&#8221;%%47%%&#8221; _builder_version=&#8221;4.5.0&#8243; _module_preset=&#8221;default&#8221;][\/et_pb_gallery][\/et_pb_column][et_pb_column type=&#8221;1_2&#8243; _builder_version=&#8221;4.5.0&#8243; _module_preset=&#8221;default&#8221;][et_pb_gallery gallery_ids=&#8221;2017&#8243; fullwidth=&#8221;on&#8221; _builder_version=&#8221;4.5.0&#8243; _module_preset=&#8221;default&#8221;][\/et_pb_gallery][\/et_pb_column][\/et_pb_row][\/et_pb_section]<\/p>\n","protected":false},"excerpt":{"rendered":"<p>[et_pb_section fb_built=&#8221;1&#8243; _builder_version=&#8221;4.5.0&#8243; _module_preset=&#8221;default&#8221; height=&#8221;155px&#8221;][et_pb_row _builder_version=&#8221;4.5.0&#8243; _module_preset=&#8221;default&#8221; use_background_color_gradient=&#8221;on&#8221; background_color_gradient_start=&#8221;rgba(255,255,255,0.65)&#8221; background_color_gradient_end=&#8221;rgba(255,255,255,0.55)&#8221; background_color_gradient_type=&#8221;radial&#8221; background_color_gradient_overlays_image=&#8221;on&#8221; background_enable_image=&#8221;off&#8221; width=&#8221;98%&#8221; custom_margin=&#8221;||||false|false&#8221; border_radii=&#8221;on|14px|14px|14px|14px&#8221;][et_pb_column type=&#8221;4_4&#8243; _builder_version=&#8221;4.5.0&#8243; _module_preset=&#8221;default&#8221;][et_pb_text _builder_version=&#8221;4.5.0&#8243; _module_preset=&#8221;default&#8221; header_2_font=&#8221;Allura||||||||&#8221; header_2_text_align=&#8221;center&#8221; header_2_font_size=&#8221;60px&#8221; text_orientation=&#8221;center&#8221;] Obr\u00e1zky v akci [\/et_pb_text][\/et_pb_column][\/et_pb_row][\/et_pb_section][et_pb_section fb_built=&#8221;1&#8243; fullwidth=&#8221;on&#8221; _builder_version=&#8221;4.5.0&#8243; _module_preset=&#8221;default&#8221;][et_pb_fullwidth_image src=&#8221;https:\/\/www.ivanaformanova.cz\/wp-content\/uploads\/2020\/11\/obrazky-v-akci.jpg&#8221; _builder_version=&#8221;4.5.0&#8243; _module_preset=&#8221;default&#8221; width=&#8221;65%&#8221; module_alignment=&#8221;center&#8221;][\/et_pb_fullwidth_image][\/et_pb_section][et_pb_section fb_built=&#8221;1&#8243; module_id=&#8221;ilustraceknihy&#8221; _builder_version=&#8221;4.5.0&#8243; _module_preset=&#8221;default&#8221;][et_pb_row column_structure=&#8221;1_2,1_2&#8243; _builder_version=&#8221;4.5.0&#8243; _module_preset=&#8221;default&#8221;][et_pb_column type=&#8221;1_2&#8243; _builder_version=&#8221;4.5.0&#8243; _module_preset=&#8221;default&#8221;][et_pb_text _builder_version=&#8221;4.5.0&#8243; _module_preset=&#8221;default&#8221;] Ilustrace knih a pov\u00eddek M\u00e9 [&hellip;]<\/p>\n","protected":false},"author":1,"featured_media":0,"parent":0,"menu_order":0,"comment_status":"closed","ping_status":"closed","template":"","meta":{"_et_pb_use_builder":"on","_et_pb_old_content":"","_et_gb_content_width":""},"_links":{"self":[{"href":"https:\/\/www.ivanaformanova.cz\/index.php\/wp-json\/wp\/v2\/pages\/515"}],"collection":[{"href":"https:\/\/www.ivanaformanova.cz\/index.php\/wp-json\/wp\/v2\/pages"}],"about":[{"href":"https:\/\/www.ivanaformanova.cz\/index.php\/wp-json\/wp\/v2\/types\/page"}],"author":[{"embeddable":true,"href":"https:\/\/www.ivanaformanova.cz\/index.php\/wp-json\/wp\/v2\/users\/1"}],"replies":[{"embeddable":true,"href":"https:\/\/www.ivanaformanova.cz\/index.php\/wp-json\/wp\/v2\/comments?post=515"}],"version-history":[{"count":159,"href":"https:\/\/www.ivanaformanova.cz\/index.php\/wp-json\/wp\/v2\/pages\/515\/revisions"}],"predecessor-version":[{"id":2836,"href":"https:\/\/www.ivanaformanova.cz\/index.php\/wp-json\/wp\/v2\/pages\/515\/revisions\/2836"}],"wp:attachment":[{"href":"https:\/\/www.ivanaformanova.cz\/index.php\/wp-json\/wp\/v2\/media?parent=515"}],"curies":[{"name":"wp","href":"https:\/\/api.w.org\/{rel}","templated":true}]}}